{"id":5409,"date":"2021-09-20T17:17:29","date_gmt":"2021-09-20T17:17:29","guid":{"rendered":"https:\/\/cadrestaffing.wpengine.com\/nos-experts\/"},"modified":"2024-02-09T16:37:49","modified_gmt":"2024-02-09T16:37:49","slug":"nos-experts","status":"publish","type":"page","link":"https:\/\/cadrestaff.com\/fr\/nos-experts\/","title":{"rendered":"Nos experts"},"content":{"rendered":"\t\t<div data-elementor-type=\"wp-page\" data-elementor-id=\"5409\" class=\"elementor elementor-5409\" data-elementor-post-type=\"page\">\n\t\t\t\t\t\t<section class=\"elementor-section elementor-top-section elementor-element elementor-element-ba7ca47 elementor-section-height-min-height elementor-section-boxed elementor-section-height-default elementor-section-items-middle\" data-id=\"ba7ca47\" data-element_type=\"section\" data-e-type=\"section\" data-settings=\"{&quot;background_background&quot;:&quot;classic&quot;,&quot;shape_divider_bottom&quot;:&quot;waves&quot;}\">\n\t\t\t\t\t\t\t<div class=\"elementor-background-overlay\"><\/div>\n\t\t\t\t\t\t<div class=\"elementor-shape elementor-shape-bottom\" aria-hidden=\"true\" data-negative=\"false\">\n\t\t\t<svg xmlns=\"http:\/\/www.w3.org\/2000\/svg\" viewBox=\"0 0 1000 100\" preserveAspectRatio=\"none\">\n\t<path class=\"elementor-shape-fill\" d=\"M421.9,6.5c22.6-2.5,51.5,0.4,75.5,5.3c23.6,4.9,70.9,23.5,100.5,35.7c75.8,32.2,133.7,44.5,192.6,49.7\n\tc23.6,2.1,48.7,3.5,103.4-2.5c54.7-6,106.2-25.6,106.2-25.6V0H0v30.3c0,0,72,32.6,158.4,30.5c39.2-0.7,92.8-6.7,134-22.4\n\tc21.2-8.1,52.2-18.2,79.7-24.2C399.3,7.9,411.6,7.5,421.9,6.5z\"\/>\n<\/svg>\t\t<\/div>\n\t\t\t\t\t<div class=\"elementor-container elementor-column-gap-default\">\n\t\t\t\t\t<div class=\"elementor-column elementor-col-100 elementor-top-column elementor-element elementor-element-b15e767\" data-id=\"b15e767\" data-element_type=\"column\" data-e-type=\"column\">\n\t\t\t<div class=\"elementor-widget-wrap elementor-element-populated\">\n\t\t\t\t\t\t<div class=\"elementor-element elementor-element-1e4dbc2 elementor-widget elementor-widget-heading\" data-id=\"1e4dbc2\" data-element_type=\"widget\" data-e-type=\"widget\" data-widget_type=\"heading.default\">\n\t\t\t\t<div class=\"elementor-widget-container\">\n\t\t\t\t\t<h1 class=\"elementor-heading-title elementor-size-default\"><b>Nos experts<\/b><\/h1>\t\t\t\t<\/div>\n\t\t\t\t<\/div>\n\t\t\t\t\t<\/div>\n\t\t<\/div>\n\t\t\t\t\t<\/div>\n\t\t<\/section>\n\t\t\t\t<section class=\"elementor-section elementor-top-section elementor-element elementor-element-7be8185 elementor-section-height-min-height elementor-reverse-mobile elementor-section-boxed elementor-section-height-default elementor-section-items-middle\" data-id=\"7be8185\" data-element_type=\"section\" data-e-type=\"section\" data-settings=\"{&quot;background_background&quot;:&quot;classic&quot;}\">\n\t\t\t\t\t\t<div class=\"elementor-container elementor-column-gap-default\">\n\t\t\t\t\t<div class=\"elementor-column elementor-col-50 elementor-top-column elementor-element elementor-element-a851fb9\" data-id=\"a851fb9\" data-element_type=\"column\" data-e-type=\"column\">\n\t\t\t<div class=\"elementor-widget-wrap elementor-element-populated\">\n\t\t\t\t\t\t<div class=\"elementor-element elementor-element-4472fb2 elementor-widget elementor-widget-image\" data-id=\"4472fb2\" data-element_type=\"widget\" data-e-type=\"widget\" data-widget_type=\"image.default\">\n\t\t\t\t<div class=\"elementor-widget-container\">\n\t\t\t\t\t\t\t\t\t\t\t\t\t\t\t<img fetchpriority=\"high\" decoding=\"async\" width=\"1024\" height=\"1024\" src=\"https:\/\/cadrestaff.com\/wp-content\/uploads\/2021\/09\/Graham-09-1024x1024.png\" class=\"attachment-large size-large wp-image-4626\" alt=\"\" srcset=\"https:\/\/cadrestaff.com\/wp-content\/uploads\/2021\/09\/Graham-09-1024x1024.png 1024w, https:\/\/cadrestaff.com\/wp-content\/uploads\/2021\/09\/Graham-09-300x300.png 300w, https:\/\/cadrestaff.com\/wp-content\/uploads\/2021\/09\/Graham-09-150x150.png 150w, https:\/\/cadrestaff.com\/wp-content\/uploads\/2021\/09\/Graham-09-768x768.png 768w, https:\/\/cadrestaff.com\/wp-content\/uploads\/2021\/09\/Graham-09-1536x1536.png 1536w, https:\/\/cadrestaff.com\/wp-content\/uploads\/2021\/09\/Graham-09-2048x2048.png 2048w, https:\/\/cadrestaff.com\/wp-content\/uploads\/2021\/09\/Graham-09-600x600.png 600w, https:\/\/cadrestaff.com\/wp-content\/uploads\/2021\/09\/Graham-09-100x100.png 100w\" sizes=\"(max-width: 1024px) 100vw, 1024px\" \/>\t\t\t\t\t\t\t\t\t\t\t\t\t\t\t<\/div>\n\t\t\t\t<\/div>\n\t\t\t\t\t<\/div>\n\t\t<\/div>\n\t\t\t\t<div class=\"elementor-column elementor-col-50 elementor-top-column elementor-element elementor-element-5520237\" data-id=\"5520237\" data-element_type=\"column\" data-e-type=\"column\">\n\t\t\t<div class=\"elementor-widget-wrap elementor-element-populated\">\n\t\t\t\t\t\t<div class=\"elementor-element elementor-element-0e75083 elementor-widget elementor-widget-heading\" data-id=\"0e75083\" data-element_type=\"widget\" data-e-type=\"widget\" data-widget_type=\"heading.default\">\n\t\t\t\t<div class=\"elementor-widget-container\">\n\t\t\t\t\t<h2 class=\"elementor-heading-title elementor-size-default\">Graham Wilson<\/h2>\t\t\t\t<\/div>\n\t\t\t\t<\/div>\n\t\t\t\t<div class=\"elementor-element elementor-element-8c3ad3a elementor-widget elementor-widget-text-editor\" data-id=\"8c3ad3a\" data-element_type=\"widget\" data-e-type=\"widget\" data-widget_type=\"text-editor.default\">\n\t\t\t\t<div class=\"elementor-widget-container\">\n\t\t\t\t\t\t\t\t\t<p>Associ\u00e9 g\u00e9rant<\/p>\n\t\t\t\t\t\t\t\t<\/div>\n\t\t\t\t<\/div>\n\t\t\t\t<div class=\"elementor-element elementor-element-b2cca86 elementor-widget elementor-widget-toggle\" data-id=\"b2cca86\" data-element_type=\"widget\" data-e-type=\"widget\" data-widget_type=\"toggle.default\">\n\t\t\t\t<div class=\"elementor-widget-container\">\n\t\t\t\t\t\t\t<div class=\"elementor-toggle\">\n\t\t\t\t\t\t\t<div class=\"elementor-toggle-item\">\n\t\t\t\t\t<div id=\"elementor-tab-title-1871\" class=\"elementor-tab-title\" data-tab=\"1\" role=\"button\" aria-controls=\"elementor-tab-content-1871\" aria-expanded=\"false\">\n\t\t\t\t\t\t\t\t\t\t\t\t<span class=\"elementor-toggle-icon elementor-toggle-icon-left\" aria-hidden=\"true\">\n\t\t\t\t\t\t\t\t\t\t\t\t\t\t\t<span class=\"elementor-toggle-icon-closed\"><i class=\"fas fa-caret-down\"><\/i><\/span>\n\t\t\t\t\t\t\t\t<span class=\"elementor-toggle-icon-opened\"><i class=\"elementor-toggle-icon-opened fas fa-angle-up\"><\/i><\/span>\n\t\t\t\t\t\t\t\t\t\t\t\t\t<\/span>\n\t\t\t\t\t\t\t\t\t\t\t\t<a class=\"elementor-toggle-title\" tabindex=\"0\">\u00c0 PROPOS DE MOI<\/a>\n\t\t\t\t\t<\/div>\n\n\t\t\t\t\t<div id=\"elementor-tab-content-1871\" class=\"elementor-tab-content elementor-clearfix\" data-tab=\"1\" role=\"region\" aria-labelledby=\"elementor-tab-title-1871\"><p>Graham Wilson est l&#8217;un des partenaires fondateurs de Cadre et travaille dans notre bureau de Toronto. La carri\u00e8re de Graham s&#8217;est concentr\u00e9e sur le recrutement de professionnels techniques pour des postes contractuels et permanents dans les secteurs nucl\u00e9aire, pharmaceutique, des biens de consommation emball\u00e9s, de la fabrication industrielle et de l&#8217;aviation civile, de la distribution et de l&#8217;\u00e9lectronique.<\/p>\n<p>La carri\u00e8re de Graham dans le secteur du recrutement a d\u00e9but\u00e9 en 1994. Pendant cette p\u00e9riode, outre la fondation de Cadre, Graham a progress\u00e9 tout au long de sa carri\u00e8re au sein d&#8217;une entreprise nationale en tant que recruteur technique, gestionnaire de comptes et responsable du recrutement d&#8217;ing\u00e9nieurs. Graham a nou\u00e9 de solides relations avec ses clients en leur offrant un service de qualit\u00e9 sup\u00e9rieure dans le cadre de la fourniture de services de recrutement sur des march\u00e9s du travail fluctuants, et il a conserv\u00e9 de nombreux clients depuis sa premi\u00e8re ann\u00e9e dans le secteur du recrutement.<\/p>\n<p>Graham est titulaire d&#8217;une licence en arts de l&#8217;Universit\u00e9 de York, avec une sp\u00e9cialisation en g\u00e9ographie. Il participe activement au programme de sant\u00e9 et de s\u00e9curit\u00e9 de l&#8217;Association canadienne de dotation en personnel (ACSESS) et est un chef de file en mati\u00e8re de s\u00e9curit\u00e9 au travail. L&#8217;esprit d&#8217;entreprise et le sens des affaires de Graham lui ont permis de fournir des services \u00e0 forte valeur ajout\u00e9e qui vont au-del\u00e0 du processus de recrutement.<\/p>\n<\/div>\n\t\t\t\t<\/div>\n\t\t\t\t\t\t\t\t<\/div>\n\t\t\t\t\t\t<\/div>\n\t\t\t\t<\/div>\n\t\t\t\t\t<\/div>\n\t\t<\/div>\n\t\t\t\t\t<\/div>\n\t\t<\/section>\n\t\t\t\t<section class=\"elementor-section elementor-top-section elementor-element elementor-element-d46c175 elementor-section-height-min-height elementor-reverse-mobile elementor-section-boxed elementor-section-height-default elementor-section-items-middle\" data-id=\"d46c175\" data-element_type=\"section\" data-e-type=\"section\" data-settings=\"{&quot;background_background&quot;:&quot;classic&quot;}\">\n\t\t\t\t\t\t<div class=\"elementor-container elementor-column-gap-default\">\n\t\t\t\t\t<div class=\"elementor-column elementor-col-50 elementor-top-column elementor-element elementor-element-fbcf203\" data-id=\"fbcf203\" data-element_type=\"column\" data-e-type=\"column\">\n\t\t\t<div class=\"elementor-widget-wrap elementor-element-populated\">\n\t\t\t\t\t\t<div class=\"elementor-element elementor-element-f78916a elementor-widget elementor-widget-image\" data-id=\"f78916a\" data-element_type=\"widget\" data-e-type=\"widget\" data-widget_type=\"image.default\">\n\t\t\t\t<div class=\"elementor-widget-container\">\n\t\t\t\t\t\t\t\t\t\t\t\t\t\t\t<img decoding=\"async\" width=\"1024\" height=\"1024\" src=\"https:\/\/cadrestaff.com\/wp-content\/uploads\/2021\/09\/Bruno-09-1024x1024.png\" class=\"attachment-large size-large wp-image-4625\" alt=\"\" srcset=\"https:\/\/cadrestaff.com\/wp-content\/uploads\/2021\/09\/Bruno-09-1024x1024.png 1024w, https:\/\/cadrestaff.com\/wp-content\/uploads\/2021\/09\/Bruno-09-300x300.png 300w, https:\/\/cadrestaff.com\/wp-content\/uploads\/2021\/09\/Bruno-09-150x150.png 150w, https:\/\/cadrestaff.com\/wp-content\/uploads\/2021\/09\/Bruno-09-768x768.png 768w, https:\/\/cadrestaff.com\/wp-content\/uploads\/2021\/09\/Bruno-09-1536x1536.png 1536w, https:\/\/cadrestaff.com\/wp-content\/uploads\/2021\/09\/Bruno-09-2048x2048.png 2048w, https:\/\/cadrestaff.com\/wp-content\/uploads\/2021\/09\/Bruno-09-600x600.png 600w, https:\/\/cadrestaff.com\/wp-content\/uploads\/2021\/09\/Bruno-09-100x100.png 100w\" sizes=\"(max-width: 1024px) 100vw, 1024px\" \/>\t\t\t\t\t\t\t\t\t\t\t\t\t\t\t<\/div>\n\t\t\t\t<\/div>\n\t\t\t\t\t<\/div>\n\t\t<\/div>\n\t\t\t\t<div class=\"elementor-column elementor-col-50 elementor-top-column elementor-element elementor-element-912308b\" data-id=\"912308b\" data-element_type=\"column\" data-e-type=\"column\">\n\t\t\t<div class=\"elementor-widget-wrap elementor-element-populated\">\n\t\t\t\t\t\t<div class=\"elementor-element elementor-element-5a15907 elementor-widget elementor-widget-heading\" data-id=\"5a15907\" data-element_type=\"widget\" data-e-type=\"widget\" data-widget_type=\"heading.default\">\n\t\t\t\t<div class=\"elementor-widget-container\">\n\t\t\t\t\t<h2 class=\"elementor-heading-title elementor-size-default\">Bruno Rizzuto<\/h2>\t\t\t\t<\/div>\n\t\t\t\t<\/div>\n\t\t\t\t<div class=\"elementor-element elementor-element-f92cd4a elementor-widget elementor-widget-text-editor\" data-id=\"f92cd4a\" data-element_type=\"widget\" data-e-type=\"widget\" data-widget_type=\"text-editor.default\">\n\t\t\t\t<div class=\"elementor-widget-container\">\n\t\t\t\t\t\t\t\t\t<p>Associ\u00e9 g\u00e9rant<\/p>\n\t\t\t\t\t\t\t\t<\/div>\n\t\t\t\t<\/div>\n\t\t\t\t<div class=\"elementor-element elementor-element-c838072 elementor-widget elementor-widget-toggle\" data-id=\"c838072\" data-element_type=\"widget\" data-e-type=\"widget\" data-widget_type=\"toggle.default\">\n\t\t\t\t<div class=\"elementor-widget-container\">\n\t\t\t\t\t\t\t<div class=\"elementor-toggle\">\n\t\t\t\t\t\t\t<div class=\"elementor-toggle-item\">\n\t\t\t\t\t<div id=\"elementor-tab-title-2091\" class=\"elementor-tab-title\" data-tab=\"1\" role=\"button\" aria-controls=\"elementor-tab-content-2091\" aria-expanded=\"false\">\n\t\t\t\t\t\t\t\t\t\t\t\t<span class=\"elementor-toggle-icon elementor-toggle-icon-left\" aria-hidden=\"true\">\n\t\t\t\t\t\t\t\t\t\t\t\t\t\t\t<span class=\"elementor-toggle-icon-closed\"><i class=\"fas fa-caret-down\"><\/i><\/span>\n\t\t\t\t\t\t\t\t<span class=\"elementor-toggle-icon-opened\"><i class=\"elementor-toggle-icon-opened fas fa-angle-up\"><\/i><\/span>\n\t\t\t\t\t\t\t\t\t\t\t\t\t<\/span>\n\t\t\t\t\t\t\t\t\t\t\t\t<a class=\"elementor-toggle-title\" tabindex=\"0\">\u00c0 PROPOS DE MOI<\/a>\n\t\t\t\t\t<\/div>\n\n\t\t\t\t\t<div id=\"elementor-tab-content-2091\" class=\"elementor-tab-content elementor-clearfix\" data-tab=\"1\" role=\"region\" aria-labelledby=\"elementor-tab-title-2091\"><p>Bruno Rizzuto est l&#8217;un des associ\u00e9s fondateurs de Cadre. Il apporte \u00e0 l&#8217;\u00e9quipe de direction quinze ann\u00e9es d&#8217;exp\u00e9rience dans le secteur du recrutement, avec une sp\u00e9cialisation dans la gestion de niveau ex\u00e9cutif, l&#8217;ing\u00e9nierie et les disciplines op\u00e9rationnelles. Tout au long de sa carri\u00e8re, il a travaill\u00e9 dans les secteurs du transport, de l&#8217;exploitation mini\u00e8re, du p\u00e9trole, du gaz et de l&#8217;\u00e9lectricit\u00e9. Ayant men\u00e9 des recherches au niveau de la direction et plac\u00e9 des candidats aux postes de directeur g\u00e9n\u00e9ral, directeur de la maintenance, directeur des op\u00e9rations, directeur des op\u00e9rations, directeur financier, vice-pr\u00e9sident et directeur, Bruno entretient des relations \u00e9troites avec un vaste r\u00e9seau mondial de talents.<\/p>\n<p>Bruno a jou\u00e9 un r\u00f4le d\u00e9terminant dans les premi\u00e8res ann\u00e9es de construction de Cadre, qui a vu l&#8217;entreprise passer d&#8217;un bureau unique \u00e0 une entreprise nationale au cours des deux premi\u00e8res ann\u00e9es de sa constitution. S&#8217;\u00e9tant concentr\u00e9 sur la croissance strat\u00e9gique avec des clients cl\u00e9s \u00e0 travers le Canada et les \u00c9tats-Unis, Bruno a fait en sorte, dans les deux premi\u00e8res ann\u00e9es de son installation \u00e0 Calgary, que l&#8217;industrie du p\u00e9trole et du gaz repr\u00e9sente plus de 50 % du chiffre d&#8217;affaires annuel de Cadre. Bruno recrute actuellement pour diverses entreprises internationales dans les domaines du transport, de l&#8217;exploitation mini\u00e8re et des disciplines techniques et manufacturi\u00e8res.<\/p>\n<p>Ayant travaill\u00e9 en tant qu&#8217;auditeur interne ISO pour The Employment Solution (TES) au d\u00e9but de sa carri\u00e8re, Bruno accorde une grande attention \u00e0 la gestion des processus. Son exp\u00e9rience en mati\u00e8re de d\u00e9veloppement de pratiques de recrutement permettant une ex\u00e9cution r\u00e9ussie des recherches est directement li\u00e9e \u00e0 sa formation. Il est titulaire d&#8217;un master en administration publique de l&#8217;universit\u00e9 Brock, dont le programme est ax\u00e9 sur les structures organisationnelles, les processus gouvernementaux, la conduite \u00e9thique des affaires et la gestion de la qualit\u00e9.<\/p>\n<\/div>\n\t\t\t\t<\/div>\n\t\t\t\t\t\t\t\t<\/div>\n\t\t\t\t\t\t<\/div>\n\t\t\t\t<\/div>\n\t\t\t\t\t<\/div>\n\t\t<\/div>\n\t\t\t\t\t<\/div>\n\t\t<\/section>\n\t\t\t\t<section class=\"elementor-section elementor-top-section elementor-element elementor-element-3366545 elementor-section-height-min-height elementor-reverse-mobile elementor-section-boxed elementor-section-height-default elementor-section-items-middle\" data-id=\"3366545\" data-element_type=\"section\" data-e-type=\"section\">\n\t\t\t\t\t\t<div class=\"elementor-container elementor-column-gap-default\">\n\t\t\t\t\t<div class=\"elementor-column elementor-col-50 elementor-top-column elementor-element elementor-element-bf9be40\" data-id=\"bf9be40\" data-element_type=\"column\" data-e-type=\"column\">\n\t\t\t<div class=\"elementor-widget-wrap elementor-element-populated\">\n\t\t\t\t\t\t<div class=\"elementor-element elementor-element-c1301e2 elementor-widget elementor-widget-image\" data-id=\"c1301e2\" data-element_type=\"widget\" data-e-type=\"widget\" data-widget_type=\"image.default\">\n\t\t\t\t<div class=\"elementor-widget-container\">\n\t\t\t\t\t\t\t\t\t\t\t\t\t\t\t<img decoding=\"async\" width=\"1024\" height=\"1024\" src=\"https:\/\/cadrestaff.com\/wp-content\/uploads\/2021\/09\/Experts-11-1024x1024.png\" class=\"attachment-large size-large wp-image-4628\" alt=\"\" srcset=\"https:\/\/cadrestaff.com\/wp-content\/uploads\/2021\/09\/Experts-11-1024x1024.png 1024w, https:\/\/cadrestaff.com\/wp-content\/uploads\/2021\/09\/Experts-11-300x300.png 300w, https:\/\/cadrestaff.com\/wp-content\/uploads\/2021\/09\/Experts-11-150x150.png 150w, https:\/\/cadrestaff.com\/wp-content\/uploads\/2021\/09\/Experts-11-768x768.png 768w, https:\/\/cadrestaff.com\/wp-content\/uploads\/2021\/09\/Experts-11-1536x1536.png 1536w, https:\/\/cadrestaff.com\/wp-content\/uploads\/2021\/09\/Experts-11-2048x2048.png 2048w, https:\/\/cadrestaff.com\/wp-content\/uploads\/2021\/09\/Experts-11-600x600.png 600w, https:\/\/cadrestaff.com\/wp-content\/uploads\/2021\/09\/Experts-11-100x100.png 100w\" sizes=\"(max-width: 1024px) 100vw, 1024px\" \/>\t\t\t\t\t\t\t\t\t\t\t\t\t\t\t<\/div>\n\t\t\t\t<\/div>\n\t\t\t\t\t<\/div>\n\t\t<\/div>\n\t\t\t\t<div class=\"elementor-column elementor-col-50 elementor-top-column elementor-element elementor-element-0636fb5\" data-id=\"0636fb5\" data-element_type=\"column\" data-e-type=\"column\">\n\t\t\t<div class=\"elementor-widget-wrap elementor-element-populated\">\n\t\t\t\t\t\t<div class=\"elementor-element elementor-element-f71fcc6 elementor-widget elementor-widget-heading\" data-id=\"f71fcc6\" data-element_type=\"widget\" data-e-type=\"widget\" data-widget_type=\"heading.default\">\n\t\t\t\t<div class=\"elementor-widget-container\">\n\t\t\t\t\t<h2 class=\"elementor-heading-title elementor-size-default\">Dave North<\/h2>\t\t\t\t<\/div>\n\t\t\t\t<\/div>\n\t\t\t\t<div class=\"elementor-element elementor-element-71edb10 elementor-widget elementor-widget-text-editor\" data-id=\"71edb10\" data-element_type=\"widget\" data-e-type=\"widget\" data-widget_type=\"text-editor.default\">\n\t\t\t\t<div class=\"elementor-widget-container\">\n\t\t\t\t\t\t\t\t\t<p>Conseiller pour l&#8217;industrie du p\u00e9trole et du gaz<\/p>\n\t\t\t\t\t\t\t\t<\/div>\n\t\t\t\t<\/div>\n\t\t\t\t<div class=\"elementor-element elementor-element-090e3d1 elementor-widget elementor-widget-toggle\" data-id=\"090e3d1\" data-element_type=\"widget\" data-e-type=\"widget\" data-widget_type=\"toggle.default\">\n\t\t\t\t<div class=\"elementor-widget-container\">\n\t\t\t\t\t\t\t<div class=\"elementor-toggle\">\n\t\t\t\t\t\t\t<div class=\"elementor-toggle-item\">\n\t\t\t\t\t<div id=\"elementor-tab-title-9491\" class=\"elementor-tab-title\" data-tab=\"1\" role=\"button\" aria-controls=\"elementor-tab-content-9491\" aria-expanded=\"false\">\n\t\t\t\t\t\t\t\t\t\t\t\t<span class=\"elementor-toggle-icon elementor-toggle-icon-left\" aria-hidden=\"true\">\n\t\t\t\t\t\t\t\t\t\t\t\t\t\t\t<span class=\"elementor-toggle-icon-closed\"><i class=\"fas fa-caret-down\"><\/i><\/span>\n\t\t\t\t\t\t\t\t<span class=\"elementor-toggle-icon-opened\"><i class=\"elementor-toggle-icon-opened fas fa-angle-up\"><\/i><\/span>\n\t\t\t\t\t\t\t\t\t\t\t\t\t<\/span>\n\t\t\t\t\t\t\t\t\t\t\t\t<a class=\"elementor-toggle-title\" tabindex=\"0\">\u00c0 PROPOS DE MOI<\/a>\n\t\t\t\t\t<\/div>\n\n\t\t\t\t\t<div id=\"elementor-tab-content-9491\" class=\"elementor-tab-content elementor-clearfix\" data-tab=\"1\" role=\"region\" aria-labelledby=\"elementor-tab-title-9491\"><p>Dave North a plus de trente ans d&#8217;exp\u00e9rience dans l&#8217;industrie p\u00e9troli\u00e8re et gazi\u00e8re, sp\u00e9cialis\u00e9 dans les pipelines et les projets p\u00e9troliers et gaziers offshore. Dave a acquis de solides comp\u00e9tences en mati\u00e8re de leadership et de d\u00e9veloppement en occupant des postes de direction de haut niveau, y compris au sein de conseils d&#8217;administration. Il joue actuellement le r\u00f4le de mentor et de chef de file pour de grandes \u00e9quipes afin de les aider \u00e0 obtenir des r\u00e9sultats positifs dans le cadre de leurs projets. En outre, Dave est un expert en mati\u00e8re de recrutement et de s\u00e9lection de personnel pour contribuer aux r\u00e9sultats de l&#8217;entreprise. Il est motiv\u00e9 par le travail d&#8217;\u00e9quipe et par le d\u00e9fi que repr\u00e9sente la s\u00e9lection et le d\u00e9veloppement d&#8217;\u00e9quipes capables de r\u00e9ussir sur le plan professionnel et personnel.<\/p>\n<p>Dave est titulaire d&#8217;une licence et d&#8217;une ma\u00eetrise en ing\u00e9nierie m\u00e9canique de l&#8217;universit\u00e9 de la Colombie-Britannique. Dave est \u00e9galement un professionnel enregistr\u00e9 de la gestion de projet et est instructeur pour les cours PMP au sein de WorleyParsons, de la formation continue de l&#8217;Universit\u00e9 de Calgary et de SAIT (gestion des risques). Dave \u00e9tait l&#8217;expert en la mati\u00e8re reconnu au sein de WorleyParsons Calgary dans les domaines de la gestion des risques, du partage du travail et de R3 (Ready, Response and Recovery, planification et r\u00e9ponse d&#8217;urgence).<\/p>\n<p>Dave fait partie du conseil consultatif de Cadre depuis environ un an. Il continue de contribuer \u00e0 Cadre car il pense que l&#8217;entreprise est en accord avec ses valeurs personnelles de confiance, d&#8217;honn\u00eatet\u00e9 et d&#8217;int\u00e9grit\u00e9. Dave appr\u00e9cie le fait que son engagement lui permette de rencontrer et de d\u00e9velopper la carri\u00e8re de nombreux professionnels du p\u00e9trole et du gaz partageant les m\u00eames id\u00e9es. Il est \u00e9galement motiv\u00e9 par l&#8217;expertise de Cadre et appr\u00e9cie la possibilit\u00e9 de continuer \u00e0 apprendre et \u00e0 d\u00e9velopper de nouvelles comp\u00e9tences dans divers domaines d&#8217;activit\u00e9, notamment l&#8217;exploitation mini\u00e8re et les services publics. Dave appr\u00e9cie la philosophie d&#8217;entreprise de Cadre et la d\u00e9crit comme &#8220;\u00eatre des experts dans ce que nous faisons ; ne pas \u00eatre la r\u00e9ponse pour tout le monde, mais identifier et cibler agressivement les niches o\u00f9 nous pouvons ajouter de la valeur&#8221;.<\/p>\n<\/div>\n\t\t\t\t<\/div>\n\t\t\t\t\t\t\t\t<\/div>\n\t\t\t\t\t\t<\/div>\n\t\t\t\t<\/div>\n\t\t\t\t\t<\/div>\n\t\t<\/div>\n\t\t\t\t\t<\/div>\n\t\t<\/section>\n\t\t\t\t<section class=\"elementor-section elementor-top-section elementor-element elementor-element-c50f9d9 elementor-section-height-min-height elementor-reverse-mobile elementor-section-boxed elementor-section-height-default elementor-section-items-middle\" data-id=\"c50f9d9\" data-element_type=\"section\" data-e-type=\"section\" data-settings=\"{&quot;background_background&quot;:&quot;classic&quot;}\">\n\t\t\t\t\t\t<div class=\"elementor-container elementor-column-gap-default\">\n\t\t\t\t\t<div class=\"elementor-column elementor-col-50 elementor-top-column elementor-element elementor-element-717ab70\" data-id=\"717ab70\" data-element_type=\"column\" data-e-type=\"column\">\n\t\t\t<div class=\"elementor-widget-wrap elementor-element-populated\">\n\t\t\t\t\t\t<div class=\"elementor-element elementor-element-1001794 elementor-widget elementor-widget-image\" data-id=\"1001794\" data-element_type=\"widget\" data-e-type=\"widget\" data-widget_type=\"image.default\">\n\t\t\t\t<div class=\"elementor-widget-container\">\n\t\t\t\t\t\t\t\t\t\t\t\t\t\t\t<img loading=\"lazy\" decoding=\"async\" width=\"1024\" height=\"1024\" src=\"https:\/\/cadrestaff.com\/wp-content\/uploads\/2021\/09\/Experts1-11-1024x1024.png\" class=\"attachment-large size-large wp-image-4632\" alt=\"\" srcset=\"https:\/\/cadrestaff.com\/wp-content\/uploads\/2021\/09\/Experts1-11-1024x1024.png 1024w, https:\/\/cadrestaff.com\/wp-content\/uploads\/2021\/09\/Experts1-11-300x300.png 300w, https:\/\/cadrestaff.com\/wp-content\/uploads\/2021\/09\/Experts1-11-150x150.png 150w, https:\/\/cadrestaff.com\/wp-content\/uploads\/2021\/09\/Experts1-11-768x768.png 768w, https:\/\/cadrestaff.com\/wp-content\/uploads\/2021\/09\/Experts1-11-1536x1536.png 1536w, https:\/\/cadrestaff.com\/wp-content\/uploads\/2021\/09\/Experts1-11-2048x2048.png 2048w, https:\/\/cadrestaff.com\/wp-content\/uploads\/2021\/09\/Experts1-11-600x600.png 600w, https:\/\/cadrestaff.com\/wp-content\/uploads\/2021\/09\/Experts1-11-100x100.png 100w\" sizes=\"(max-width: 1024px) 100vw, 1024px\" \/>\t\t\t\t\t\t\t\t\t\t\t\t\t\t\t<\/div>\n\t\t\t\t<\/div>\n\t\t\t\t\t<\/div>\n\t\t<\/div>\n\t\t\t\t<div class=\"elementor-column elementor-col-50 elementor-top-column elementor-element elementor-element-bbda6db\" data-id=\"bbda6db\" data-element_type=\"column\" data-e-type=\"column\">\n\t\t\t<div class=\"elementor-widget-wrap elementor-element-populated\">\n\t\t\t\t\t\t<div class=\"elementor-element elementor-element-6992598 elementor-widget elementor-widget-heading\" data-id=\"6992598\" data-element_type=\"widget\" data-e-type=\"widget\" data-widget_type=\"heading.default\">\n\t\t\t\t<div class=\"elementor-widget-container\">\n\t\t\t\t\t<h2 class=\"elementor-heading-title elementor-size-default\">Mike Hardt<\/h2>\t\t\t\t<\/div>\n\t\t\t\t<\/div>\n\t\t\t\t<div class=\"elementor-element elementor-element-5694b55 elementor-widget elementor-widget-text-editor\" data-id=\"5694b55\" data-element_type=\"widget\" data-e-type=\"widget\" data-widget_type=\"text-editor.default\">\n\t\t\t\t<div class=\"elementor-widget-container\">\n\t\t\t\t\t\t\t\t\t<p>Conseiller du secteur des transports<\/p>\n\t\t\t\t\t\t\t\t<\/div>\n\t\t\t\t<\/div>\n\t\t\t\t<div class=\"elementor-element elementor-element-3233417 elementor-widget elementor-widget-toggle\" data-id=\"3233417\" data-element_type=\"widget\" data-e-type=\"widget\" data-widget_type=\"toggle.default\">\n\t\t\t\t<div class=\"elementor-widget-container\">\n\t\t\t\t\t\t\t<div class=\"elementor-toggle\">\n\t\t\t\t\t\t\t<div class=\"elementor-toggle-item\">\n\t\t\t\t\t<div id=\"elementor-tab-title-5261\" class=\"elementor-tab-title\" data-tab=\"1\" role=\"button\" aria-controls=\"elementor-tab-content-5261\" aria-expanded=\"false\">\n\t\t\t\t\t\t\t\t\t\t\t\t<span class=\"elementor-toggle-icon elementor-toggle-icon-left\" aria-hidden=\"true\">\n\t\t\t\t\t\t\t\t\t\t\t\t\t\t\t<span class=\"elementor-toggle-icon-closed\"><i class=\"fas fa-caret-down\"><\/i><\/span>\n\t\t\t\t\t\t\t\t<span class=\"elementor-toggle-icon-opened\"><i class=\"elementor-toggle-icon-opened fas fa-angle-up\"><\/i><\/span>\n\t\t\t\t\t\t\t\t\t\t\t\t\t<\/span>\n\t\t\t\t\t\t\t\t\t\t\t\t<a class=\"elementor-toggle-title\" tabindex=\"0\">\u00c0 PROPOS DE MOI<\/a>\n\t\t\t\t\t<\/div>\n\n\t\t\t\t\t<div id=\"elementor-tab-content-5261\" class=\"elementor-tab-content elementor-clearfix\" data-tab=\"1\" role=\"region\" aria-labelledby=\"elementor-tab-title-5261\"><p>Mike Hardt a trente ans d&#8217;exp\u00e9rience en tant que n\u00e9gociateur chevronn\u00e9, homme de r\u00e9seaux politiques et expert en syst\u00e8mes de transport. Reconnu en Am\u00e9rique du Nord comme un expert des syst\u00e8mes ferroviaires municipaux, Mike est passionn\u00e9 par tous les aspects de l&#8217;entreprise. Il a d\u00e9velopp\u00e9 les partenariats complexes entre les secteurs public et priv\u00e9 qui sont essentiels pour mener \u00e0 bien des projets complexes, du d\u00e9but \u00e0 la fin.<\/p>\n<p>Avant d&#8217;ouvrir sa propre entreprise et d&#8217;acqu\u00e9rir des participations minoritaires dans plusieurs petites entreprises de fournitures connexes, Mike \u00e9tait vice-pr\u00e9sident des services (en Am\u00e9rique du Nord) chez Bombardier Transportation, un leader mondial dans le secteur du transport ferroviaire de passagers et de l&#8217;a\u00e9ronautique. Au cours de sa carri\u00e8re chez Bombardier, M. Hardt a contribu\u00e9 \u00e0 la cr\u00e9ation et \u00e0 la promotion d&#8217;une unit\u00e9 commerciale tr\u00e8s rentable et durable au sein de l&#8217;entreprise. Il a d\u00e9velopp\u00e9 cette unit\u00e9 commerciale essentielle avec son \u00e9quipe \u00e0 partir d&#8217;un contrat de service unique conclu avec GO Transit, qui assurait la maintenance des \u00e9quipements. L&#8217;entreprise a ajout\u00e9 des op\u00e9rations et des v\u00e9hicules d&#8217;approvisionnement en mat\u00e9riel, des solutions technologiques et des services de soutien connexes afin de devenir le plus grand fournisseur de services de transport tiers en Am\u00e9rique du Nord.<\/p>\n<p>Les relations professionnelles \u00e0 long terme sont un \u00e9l\u00e9ment essentiel de la r\u00e9ussite de Mike et il continue \u00e0 construire un solide r\u00e9seau de personnes qui connaissent bien leur secteur d&#8217;activit\u00e9. Il est tr\u00e8s fier et honor\u00e9 de travailler avec des clients tr\u00e8s r\u00e9put\u00e9s tels que Wabtec, Hallcon Corp, Sherwood Electromotion, VIA Rail, Kawasaki Rail Car, Parsons Brinckerhoff, New Flyer Bus Industries, Cadre et Transit Air, pour n&#8217;en citer que quelques-uns.<\/p>\n<\/div>\n\t\t\t\t<\/div>\n\t\t\t\t\t\t\t\t<\/div>\n\t\t\t\t\t\t<\/div>\n\t\t\t\t<\/div>\n\t\t\t\t\t<\/div>\n\t\t<\/div>\n\t\t\t\t\t<\/div>\n\t\t<\/section>\n\t\t\t\t<section class=\"elementor-section elementor-top-section elementor-element elementor-element-511eef0 elementor-section-height-min-height elementor-reverse-mobile elementor-section-boxed elementor-section-height-default elementor-section-items-middle\" data-id=\"511eef0\" data-element_type=\"section\" data-e-type=\"section\" data-settings=\"{&quot;background_background&quot;:&quot;classic&quot;}\">\n\t\t\t\t\t\t<div class=\"elementor-container elementor-column-gap-default\">\n\t\t\t\t\t<div class=\"elementor-column elementor-col-50 elementor-top-column elementor-element elementor-element-404354a\" data-id=\"404354a\" data-element_type=\"column\" data-e-type=\"column\">\n\t\t\t<div class=\"elementor-widget-wrap elementor-element-populated\">\n\t\t\t\t\t\t<div class=\"elementor-element elementor-element-00b4c42 elementor-widget elementor-widget-image\" data-id=\"00b4c42\" data-element_type=\"widget\" data-e-type=\"widget\" data-widget_type=\"image.default\">\n\t\t\t\t<div class=\"elementor-widget-container\">\n\t\t\t\t\t\t\t\t\t\t\t\t\t\t\t<img loading=\"lazy\" decoding=\"async\" width=\"1024\" height=\"1024\" src=\"https:\/\/cadrestaff.com\/wp-content\/uploads\/2021\/09\/Experts1-10-1024x1024.png\" class=\"attachment-large size-large wp-image-4633\" alt=\"\" srcset=\"https:\/\/cadrestaff.com\/wp-content\/uploads\/2021\/09\/Experts1-10-1024x1024.png 1024w, https:\/\/cadrestaff.com\/wp-content\/uploads\/2021\/09\/Experts1-10-300x300.png 300w, https:\/\/cadrestaff.com\/wp-content\/uploads\/2021\/09\/Experts1-10-150x150.png 150w, https:\/\/cadrestaff.com\/wp-content\/uploads\/2021\/09\/Experts1-10-768x768.png 768w, https:\/\/cadrestaff.com\/wp-content\/uploads\/2021\/09\/Experts1-10-1536x1536.png 1536w, https:\/\/cadrestaff.com\/wp-content\/uploads\/2021\/09\/Experts1-10-2048x2048.png 2048w, https:\/\/cadrestaff.com\/wp-content\/uploads\/2021\/09\/Experts1-10-600x600.png 600w, https:\/\/cadrestaff.com\/wp-content\/uploads\/2021\/09\/Experts1-10-100x100.png 100w\" sizes=\"(max-width: 1024px) 100vw, 1024px\" \/>\t\t\t\t\t\t\t\t\t\t\t\t\t\t\t<\/div>\n\t\t\t\t<\/div>\n\t\t\t\t\t<\/div>\n\t\t<\/div>\n\t\t\t\t<div class=\"elementor-column elementor-col-50 elementor-top-column elementor-element elementor-element-434bfa0\" data-id=\"434bfa0\" data-element_type=\"column\" data-e-type=\"column\">\n\t\t\t<div class=\"elementor-widget-wrap elementor-element-populated\">\n\t\t\t\t\t\t<div class=\"elementor-element elementor-element-9ade2fb elementor-widget elementor-widget-heading\" data-id=\"9ade2fb\" data-element_type=\"widget\" data-e-type=\"widget\" data-widget_type=\"heading.default\">\n\t\t\t\t<div class=\"elementor-widget-container\">\n\t\t\t\t\t<h2 class=\"elementor-heading-title elementor-size-default\">Stuart Joynson<\/h2>\t\t\t\t<\/div>\n\t\t\t\t<\/div>\n\t\t\t\t<div class=\"elementor-element elementor-element-e2ce507 elementor-widget elementor-widget-text-editor\" data-id=\"e2ce507\" data-element_type=\"widget\" data-e-type=\"widget\" data-widget_type=\"text-editor.default\">\n\t\t\t\t<div class=\"elementor-widget-container\">\n\t\t\t\t\t\t\t\t\t<p>Conseiller du secteur de la finance et de la comptabilit\u00e9<\/p>\n\t\t\t\t\t\t\t\t<\/div>\n\t\t\t\t<\/div>\n\t\t\t\t<div class=\"elementor-element elementor-element-a29aedb elementor-widget elementor-widget-toggle\" data-id=\"a29aedb\" data-element_type=\"widget\" data-e-type=\"widget\" data-widget_type=\"toggle.default\">\n\t\t\t\t<div class=\"elementor-widget-container\">\n\t\t\t\t\t\t\t<div class=\"elementor-toggle\">\n\t\t\t\t\t\t\t<div class=\"elementor-toggle-item\">\n\t\t\t\t\t<div id=\"elementor-tab-title-1701\" class=\"elementor-tab-title\" data-tab=\"1\" role=\"button\" aria-controls=\"elementor-tab-content-1701\" aria-expanded=\"false\">\n\t\t\t\t\t\t\t\t\t\t\t\t<span class=\"elementor-toggle-icon elementor-toggle-icon-left\" aria-hidden=\"true\">\n\t\t\t\t\t\t\t\t\t\t\t\t\t\t\t<span class=\"elementor-toggle-icon-closed\"><i class=\"fas fa-caret-down\"><\/i><\/span>\n\t\t\t\t\t\t\t\t<span class=\"elementor-toggle-icon-opened\"><i class=\"elementor-toggle-icon-opened fas fa-angle-up\"><\/i><\/span>\n\t\t\t\t\t\t\t\t\t\t\t\t\t<\/span>\n\t\t\t\t\t\t\t\t\t\t\t\t<a class=\"elementor-toggle-title\" tabindex=\"0\">\u00c0 PROPOS DE MOI<\/a>\n\t\t\t\t\t<\/div>\n\n\t\t\t\t\t<div id=\"elementor-tab-content-1701\" class=\"elementor-tab-content elementor-clearfix\" data-tab=\"1\" role=\"region\" aria-labelledby=\"elementor-tab-title-1701\"><p>Stuart Joynson a vingt-deux ans d&#8217;exp\u00e9rience dans le secteur de la dotation en personnel et du recrutement, au service de nombreux secteurs \u00e0 travers le Canada, notamment le p\u00e9trole et le gaz, la fabrication et les services financiers. Stuart a obtenu une licence en arts (avec mention) en 1987 \u00e0 l&#8217;universit\u00e9 de Carleton, un certificat de gestion en 2000 \u00e0 l&#8217;universit\u00e9 de York (Schulich School of Business) et son titre de comptable professionnel en 1992. Depuis 1990, la carri\u00e8re de Stuart a rapidement progress\u00e9, puisqu&#8217;il a occup\u00e9 divers postes de haut niveau tels que : Directeur de la planification et de l&#8217;analyse, planificateur d&#8217;entreprise, tr\u00e9sorier, contr\u00f4leur d&#8217;entreprise et cadre sup\u00e9rieur au sein d&#8217;une filiale canadienne d&#8217;une soci\u00e9t\u00e9 Fortune 500. En tant que contr\u00f4leur de gestion et directeur de la planification et de l&#8217;analyse pour la filiale canadienne d&#8217;une entreprise am\u00e9ricaine figurant au palmar\u00e8s Fortune 500, Stuart a assur\u00e9 une surveillance de haut niveau de tous les contr\u00f4les de comptabilit\u00e9, d&#8217;information financi\u00e8re et de gestion des syst\u00e8mes informatiques, conform\u00e9ment aux exigences de Sarbanes Oxley en mati\u00e8re de contr\u00f4les financiers, d&#8217;audit et d&#8217;information, ainsi qu&#8217;au respect de ces exigences.<\/p>\n<p>Professionnel, ax\u00e9 sur les r\u00e9sultats, d\u00e9taill\u00e9 et orient\u00e9 vers les processus, Stuart a fait partie int\u00e9grante de la croissance et de l&#8217;expansion de plusieurs soci\u00e9t\u00e9s de recrutement et de dotation en personnel au Canada. En tant que l&#8217;un des principaux responsables de l&#8217;\u00e9laboration et de l&#8217;ex\u00e9cution des strat\u00e9gies de fusion et d&#8217;acquisition, Stuart a particip\u00e9 \u00e0 l&#8217;expansion d&#8217;une soci\u00e9t\u00e9 nationale canadienne de recrutement et de dotation en personnel, qui est pass\u00e9e de 12 millions de dollars \u00e0 130 millions de dollars en moins de huit ans. Stuart a occup\u00e9 le poste d&#8217;agent financier principal dans le cadre de divers projets sensibles et de premier plan pour le gouvernement du Canada. Stuart a \u00e9galement si\u00e9g\u00e9 au conseil d&#8217;administration de la Society of Management Accountants of Ontario (SMAO), dont il a \u00e9t\u00e9 pendant deux ans le directeur du d\u00e9veloppement professionnel.<\/p>\n<p>Stuart met \u00e0 profit son exp\u00e9rience et son expertise en tant que conseiller financier de Cadre. Il fournit des conseils de haut niveau et supervise les processus et contr\u00f4les comptables, les processus et contr\u00f4les de gestion des risques, la budg\u00e9tisation, les rapports financiers, la planification et l&#8217;analyse d&#8217;entreprise, ainsi que les fonctions de gestion de la tr\u00e9sorerie du Cadre.<\/p>\n<\/div>\n\t\t\t\t<\/div>\n\t\t\t\t\t\t\t\t<\/div>\n\t\t\t\t\t\t<\/div>\n\t\t\t\t<\/div>\n\t\t\t\t\t<\/div>\n\t\t<\/div>\n\t\t\t\t\t<\/div>\n\t\t<\/section>\n\t\t\t\t<section class=\"elementor-section elementor-top-section elementor-element elementor-element-9df3cf3 elementor-section-height-min-height elementor-reverse-mobile elementor-section-boxed elementor-section-height-default elementor-section-items-middle\" data-id=\"9df3cf3\" data-element_type=\"section\" data-e-type=\"section\" data-settings=\"{&quot;background_background&quot;:&quot;classic&quot;}\">\n\t\t\t\t\t\t<div class=\"elementor-container elementor-column-gap-default\">\n\t\t\t\t\t<div class=\"elementor-column elementor-col-50 elementor-top-column elementor-element elementor-element-531bf13\" data-id=\"531bf13\" data-element_type=\"column\" data-e-type=\"column\">\n\t\t\t<div class=\"elementor-widget-wrap elementor-element-populated\">\n\t\t\t\t\t\t<div class=\"elementor-element elementor-element-aee04ec elementor-widget elementor-widget-image\" data-id=\"aee04ec\" data-element_type=\"widget\" data-e-type=\"widget\" data-widget_type=\"image.default\">\n\t\t\t\t<div class=\"elementor-widget-container\">\n\t\t\t\t\t\t\t\t\t\t\t\t\t\t\t<img loading=\"lazy\" decoding=\"async\" width=\"1024\" height=\"1024\" src=\"https:\/\/cadrestaff.com\/wp-content\/uploads\/2021\/09\/Experts2-10-1024x1024.png\" class=\"attachment-large size-large wp-image-4634\" alt=\"\" srcset=\"https:\/\/cadrestaff.com\/wp-content\/uploads\/2021\/09\/Experts2-10-1024x1024.png 1024w, https:\/\/cadrestaff.com\/wp-content\/uploads\/2021\/09\/Experts2-10-300x300.png 300w, https:\/\/cadrestaff.com\/wp-content\/uploads\/2021\/09\/Experts2-10-150x150.png 150w, https:\/\/cadrestaff.com\/wp-content\/uploads\/2021\/09\/Experts2-10-768x768.png 768w, https:\/\/cadrestaff.com\/wp-content\/uploads\/2021\/09\/Experts2-10-1536x1536.png 1536w, https:\/\/cadrestaff.com\/wp-content\/uploads\/2021\/09\/Experts2-10-2048x2048.png 2048w, https:\/\/cadrestaff.com\/wp-content\/uploads\/2021\/09\/Experts2-10-600x600.png 600w, https:\/\/cadrestaff.com\/wp-content\/uploads\/2021\/09\/Experts2-10-100x100.png 100w\" sizes=\"(max-width: 1024px) 100vw, 1024px\" \/>\t\t\t\t\t\t\t\t\t\t\t\t\t\t\t<\/div>\n\t\t\t\t<\/div>\n\t\t\t\t\t<\/div>\n\t\t<\/div>\n\t\t\t\t<div class=\"elementor-column elementor-col-50 elementor-top-column elementor-element elementor-element-d73ff65\" data-id=\"d73ff65\" data-element_type=\"column\" data-e-type=\"column\">\n\t\t\t<div class=\"elementor-widget-wrap elementor-element-populated\">\n\t\t\t\t\t\t<div class=\"elementor-element elementor-element-a30c49b elementor-widget elementor-widget-heading\" data-id=\"a30c49b\" data-element_type=\"widget\" data-e-type=\"widget\" data-widget_type=\"heading.default\">\n\t\t\t\t<div class=\"elementor-widget-container\">\n\t\t\t\t\t<h2 class=\"elementor-heading-title elementor-size-default\">Yvan Michon<\/h2>\t\t\t\t<\/div>\n\t\t\t\t<\/div>\n\t\t\t\t<div class=\"elementor-element elementor-element-6798422 elementor-widget elementor-widget-text-editor\" data-id=\"6798422\" data-element_type=\"widget\" data-e-type=\"widget\" data-widget_type=\"text-editor.default\">\n\t\t\t\t<div class=\"elementor-widget-container\">\n\t\t\t\t\t\t\t\t\t<p>Conseiller principal, Qu\u00e9bec<\/p>\t\t\t\t\t\t\t\t<\/div>\n\t\t\t\t<\/div>\n\t\t\t\t<div class=\"elementor-element elementor-element-24091bc elementor-widget elementor-widget-toggle\" data-id=\"24091bc\" data-element_type=\"widget\" data-e-type=\"widget\" data-widget_type=\"toggle.default\">\n\t\t\t\t<div class=\"elementor-widget-container\">\n\t\t\t\t\t\t\t<div class=\"elementor-toggle\">\n\t\t\t\t\t\t\t<div class=\"elementor-toggle-item\">\n\t\t\t\t\t<div id=\"elementor-tab-title-3771\" class=\"elementor-tab-title\" data-tab=\"1\" role=\"button\" aria-controls=\"elementor-tab-content-3771\" aria-expanded=\"false\">\n\t\t\t\t\t\t\t\t\t\t\t\t<span class=\"elementor-toggle-icon elementor-toggle-icon-left\" aria-hidden=\"true\">\n\t\t\t\t\t\t\t\t\t\t\t\t\t\t\t<span class=\"elementor-toggle-icon-closed\"><i class=\"fas fa-caret-down\"><\/i><\/span>\n\t\t\t\t\t\t\t\t<span class=\"elementor-toggle-icon-opened\"><i class=\"elementor-toggle-icon-opened fas fa-angle-up\"><\/i><\/span>\n\t\t\t\t\t\t\t\t\t\t\t\t\t<\/span>\n\t\t\t\t\t\t\t\t\t\t\t\t<a class=\"elementor-toggle-title\" tabindex=\"0\">\u00c0 PROPOS DE MOI<\/a>\n\t\t\t\t\t<\/div>\n\n\t\t\t\t\t<div id=\"elementor-tab-content-3771\" class=\"elementor-tab-content elementor-clearfix\" data-tab=\"1\" role=\"region\" aria-labelledby=\"elementor-tab-title-3771\"><p>Yvan Michon a plus de trente ans d&#8217;exp\u00e9rience dans diverses fonctions de gestion et de direction au sein de l&#8217;industrie du recrutement. Sa r\u00e9putation et les relations durables qu&#8217;il a nou\u00e9es dans divers secteurs d&#8217;activit\u00e9 au Qu\u00e9bec, au Canada et \u00e0 l&#8217;\u00e9tranger ont jou\u00e9 un r\u00f4le d\u00e9terminant dans la mise en place des derni\u00e8res op\u00e9rations de Cadre.<\/p>\n<p>Apr\u00e8s avoir commenc\u00e9 sa carri\u00e8re comme analyste de processus et de syst\u00e8mes, Yvan s&#8217;est lanc\u00e9 dans le recrutement en rejoignant ST Amour and Associates en 1979. \u00c0 ce titre, il a \u00e9t\u00e9 charg\u00e9 de mettre en place la premi\u00e8re division d&#8217;ing\u00e9nierie et de technologie de l&#8217;information de l&#8217;histoire de l&#8217;entreprise. La division est pass\u00e9e d&#8217;un bureau unique \u00e0 la pratique de recherche technique la plus reconnue dans la province, g\u00e9n\u00e9rant la plus grande rentabilit\u00e9 de toutes les pratiques au sein de l&#8217;organisation. Apr\u00e8s avoir assur\u00e9 la croissance et la stabilit\u00e9 financi\u00e8re de la division, Yvan a choisi de cr\u00e9er son propre cabinet de conseil en ressources humaines, o\u00f9 il a continu\u00e9 \u00e0 recruter des professionnels de la technique, des technologies de l&#8217;information et de l&#8217;ing\u00e9nierie dans le monde entier. Le cabinet s&#8217;est d\u00e9velopp\u00e9 pour inclure deux bureaux et sept partenariats internationaux. En tant que pr\u00e9sident de l&#8217;organisation, Yvan a vu Consultec Human Resources se d\u00e9velopper sur une p\u00e9riode de quinze ans pour \u00eatre reconnu comme un fournisseur national de professionnels techniques avant de participer \u00e0 une fusion avec TES Canada, ce qui lui a permis de relever le prochain d\u00e9fi de sa carri\u00e8re.<\/p>\n<p>En continuant avec TES Canada en tant que vice-pr\u00e9sident de Professional Technical &amp; Staffing Alternatives, Yvan \u00e9tait responsable de la transformation de l&#8217;organisation d&#8217;une soci\u00e9t\u00e9 de recrutement contractuel en une organisation plus diversifi\u00e9e offrant des contrats permanents, contingents et de recherche \u00e0 des clients au Canada et aux \u00c9tats-Unis. Yvan a supervis\u00e9 les op\u00e9rations de recherche de cadres \u00e0 Toronto, Montr\u00e9al, Ottawa, Burlington Mississauga, Raleigh et Dallas, en d\u00e9veloppant de nouvelles offres de produits, y compris TES Scientific Resources. En 2003, il a rejoint Spherion Professional en tant que vice-pr\u00e9sident du d\u00e9veloppement de l&#8217;entreprise, o\u00f9 il a assum\u00e9 la responsabilit\u00e9 nationale des secteurs des technologies de l&#8217;information, de la finance, de l&#8217;administration, de l&#8217;ing\u00e9nierie et des ventes. Yvan a jou\u00e9 un r\u00f4le d\u00e9terminant dans l&#8217;introduction d&#8217;une nouvelle division et d&#8217;un nouveau concept au sein de Spherion, en cr\u00e9ant le groupe Mergis, qui a apport\u00e9 de nouvelles technologies \u00e0 l&#8217;organisation, capables de fournir \u00e0 des clients internationaux des capacit\u00e9s d&#8217;entrevue en temps r\u00e9el, ainsi que de cr\u00e9er un programme de prestation de services professionnels complets dans neuf provinces du Canada. Le concept a ensuite \u00e9t\u00e9 introduit dans la soci\u00e9t\u00e9 m\u00e8re am\u00e9ricaine et adopt\u00e9 dans tout le pays.<\/p>\n<p>Dans un poste r\u00e9cent, Yvan a \u00e9t\u00e9 directeur des initiatives majeures pour Diagnos Inc. o\u00f9 il a utilis\u00e9 son expertise et ses r\u00e9seaux dans les domaines de la fabrication, de la technologie et de l&#8217;ing\u00e9nierie logicielle pour aider \u00e0 l&#8217;\u00e9tablissement et \u00e0 la croissance de ses op\u00e9rations internationales en Asie et en Europe. En tant qu&#8217;ancien pr\u00e9sident de l&#8217;Association canadienne des services de recherche, d&#8217;emploi et de dotation en personnel (ACSESS), Yvan apporte une grande richesse de connaissances, tant \u00e0 l&#8217;int\u00e9rieur qu&#8217;\u00e0 l&#8217;ext\u00e9rieur de l&#8217;industrie du recrutement.<\/p>\n<\/div>\n\t\t\t\t<\/div>\n\t\t\t\t\t\t\t\t<\/div>\n\t\t\t\t\t\t<\/div>\n\t\t\t\t<\/div>\n\t\t\t\t\t<\/div>\n\t\t<\/div>\n\t\t\t\t\t<\/div>\n\t\t<\/section>\n\t\t\t\t<section class=\"elementor-section elementor-top-section elementor-element elementor-element-d03ed57 elementor-section-height-min-height elementor-reverse-mobile elementor-section-boxed elementor-section-height-default elementor-section-items-middle\" data-id=\"d03ed57\" data-element_type=\"section\" data-e-type=\"section\" data-settings=\"{&quot;background_background&quot;:&quot;classic&quot;}\">\n\t\t\t\t\t\t<div class=\"elementor-container elementor-column-gap-default\">\n\t\t\t\t\t<div class=\"elementor-column elementor-col-50 elementor-top-column elementor-element elementor-element-b2dab8e\" data-id=\"b2dab8e\" data-element_type=\"column\" data-e-type=\"column\">\n\t\t\t<div class=\"elementor-widget-wrap elementor-element-populated\">\n\t\t\t\t\t\t<div class=\"elementor-element elementor-element-3ea76cb elementor-widget elementor-widget-image\" data-id=\"3ea76cb\" data-element_type=\"widget\" data-e-type=\"widget\" data-widget_type=\"image.default\">\n\t\t\t\t<div class=\"elementor-widget-container\">\n\t\t\t\t\t\t\t\t\t\t\t\t\t\t\t<img loading=\"lazy\" decoding=\"async\" width=\"1024\" height=\"1024\" src=\"https:\/\/cadrestaff.com\/wp-content\/uploads\/2021\/09\/Experts2-11-1-1024x1024.png\" class=\"attachment-large size-large wp-image-4636\" alt=\"\" srcset=\"https:\/\/cadrestaff.com\/wp-content\/uploads\/2021\/09\/Experts2-11-1-1024x1024.png 1024w, https:\/\/cadrestaff.com\/wp-content\/uploads\/2021\/09\/Experts2-11-1-300x300.png 300w, https:\/\/cadrestaff.com\/wp-content\/uploads\/2021\/09\/Experts2-11-1-150x150.png 150w, https:\/\/cadrestaff.com\/wp-content\/uploads\/2021\/09\/Experts2-11-1-768x768.png 768w, https:\/\/cadrestaff.com\/wp-content\/uploads\/2021\/09\/Experts2-11-1-1536x1536.png 1536w, https:\/\/cadrestaff.com\/wp-content\/uploads\/2021\/09\/Experts2-11-1-2048x2048.png 2048w, https:\/\/cadrestaff.com\/wp-content\/uploads\/2021\/09\/Experts2-11-1-600x600.png 600w, https:\/\/cadrestaff.com\/wp-content\/uploads\/2021\/09\/Experts2-11-1-100x100.png 100w\" sizes=\"(max-width: 1024px) 100vw, 1024px\" \/>\t\t\t\t\t\t\t\t\t\t\t\t\t\t\t<\/div>\n\t\t\t\t<\/div>\n\t\t\t\t\t<\/div>\n\t\t<\/div>\n\t\t\t\t<div class=\"elementor-column elementor-col-50 elementor-top-column elementor-element elementor-element-fca504e\" data-id=\"fca504e\" data-element_type=\"column\" data-e-type=\"column\">\n\t\t\t<div class=\"elementor-widget-wrap elementor-element-populated\">\n\t\t\t\t\t\t<div class=\"elementor-element elementor-element-a0f996c elementor-widget elementor-widget-heading\" data-id=\"a0f996c\" data-element_type=\"widget\" data-e-type=\"widget\" data-widget_type=\"heading.default\">\n\t\t\t\t<div class=\"elementor-widget-container\">\n\t\t\t\t\t<h2 class=\"elementor-heading-title elementor-size-default\">Marie-Luisa Sinclair<\/h2>\t\t\t\t<\/div>\n\t\t\t\t<\/div>\n\t\t\t\t<div class=\"elementor-element elementor-element-f2bdcf5 elementor-widget elementor-widget-text-editor\" data-id=\"f2bdcf5\" data-element_type=\"widget\" data-e-type=\"widget\" data-widget_type=\"text-editor.default\">\n\t\t\t\t<div class=\"elementor-widget-container\">\n\t\t\t\t\t\t\t\t\t<p>Conseiller de l&#8217;industrie mini\u00e8re<\/p>\n\t\t\t\t\t\t\t\t<\/div>\n\t\t\t\t<\/div>\n\t\t\t\t<div class=\"elementor-element elementor-element-5e10841 elementor-widget elementor-widget-toggle\" data-id=\"5e10841\" data-element_type=\"widget\" data-e-type=\"widget\" data-widget_type=\"toggle.default\">\n\t\t\t\t<div class=\"elementor-widget-container\">\n\t\t\t\t\t\t\t<div class=\"elementor-toggle\">\n\t\t\t\t\t\t\t<div class=\"elementor-toggle-item\">\n\t\t\t\t\t<div id=\"elementor-tab-title-9861\" class=\"elementor-tab-title\" data-tab=\"1\" role=\"button\" aria-controls=\"elementor-tab-content-9861\" aria-expanded=\"false\">\n\t\t\t\t\t\t\t\t\t\t\t\t<span class=\"elementor-toggle-icon elementor-toggle-icon-left\" aria-hidden=\"true\">\n\t\t\t\t\t\t\t\t\t\t\t\t\t\t\t<span class=\"elementor-toggle-icon-closed\"><i class=\"fas fa-caret-down\"><\/i><\/span>\n\t\t\t\t\t\t\t\t<span class=\"elementor-toggle-icon-opened\"><i class=\"elementor-toggle-icon-opened fas fa-angle-up\"><\/i><\/span>\n\t\t\t\t\t\t\t\t\t\t\t\t\t<\/span>\n\t\t\t\t\t\t\t\t\t\t\t\t<a class=\"elementor-toggle-title\" tabindex=\"0\">\u00c0 PROPOS DE MOI<\/a>\n\t\t\t\t\t<\/div>\n\n\t\t\t\t\t<div id=\"elementor-tab-content-9861\" class=\"elementor-tab-content elementor-clearfix\" data-tab=\"1\" role=\"region\" aria-labelledby=\"elementor-tab-title-9861\"><p>Maria-Luisa Sinclair est titulaire d&#8217;une ma\u00eetrise en arts de l&#8217;universit\u00e9 Royal Roads de Victoria, en Colombie-Britannique. Maria-Luisa a plus de 20 ans d&#8217;exp\u00e9rience dans l&#8217;industrie mini\u00e8re et est une professionnelle exp\u00e9riment\u00e9e des ressources humaines, avec une large exposition au d\u00e9veloppement organisationnel et \u00e0 la gestion des ressources humaines au Canada et \u00e0 l&#8217;\u00e9tranger.<\/p>\n<p>Mme Sinclair a occup\u00e9 des postes de direction dans plusieurs soci\u00e9t\u00e9s mini\u00e8res, le plus r\u00e9cent \u00e9tant chez Primero Mining (2013 &#8211; 2016) en tant que vice-pr\u00e9sidente des ressources humaines et auparavant chez Baja Mining (2008 \u00e0 2013), Skye Resources (2006 &#8211; 2008), et Pan American Silver (2005 &#8211; 2006). Auparavant, elle a occup\u00e9 une s\u00e9rie de postes de plus en plus importants dans le domaine des ressources humaines chez Placer Dome Inc.<\/p>\n<p>Pendant cinq ans, Maria-Luisa a \u00e9t\u00e9 membre du corps enseignant du McRae Institute of International Management \u00e0 l&#8217;universit\u00e9 de Capilano, o\u00f9 elle a enseign\u00e9 les ressources humaines internationales et la gestion d&#8217;entreprise \u00e0 des \u00e9tudiants de troisi\u00e8me cycle.<\/p>\n<\/div>\n\t\t\t\t<\/div>\n\t\t\t\t\t\t\t\t<\/div>\n\t\t\t\t\t\t<\/div>\n\t\t\t\t<\/div>\n\t\t\t\t\t<\/div>\n\t\t<\/div>\n\t\t\t\t\t<\/div>\n\t\t<\/section>\n\t\t\t\t<section class=\"elementor-section elementor-top-section elementor-element elementor-element-8494218 elementor-section-height-min-height elementor-reverse-mobile elementor-section-boxed elementor-section-height-default elementor-section-items-middle\" data-id=\"8494218\" data-element_type=\"section\" data-e-type=\"section\" data-settings=\"{&quot;background_background&quot;:&quot;classic&quot;}\">\n\t\t\t\t\t\t<div class=\"elementor-container elementor-column-gap-default\">\n\t\t\t\t\t<div class=\"elementor-column elementor-col-50 elementor-top-column elementor-element elementor-element-4d6ef19\" data-id=\"4d6ef19\" data-element_type=\"column\" data-e-type=\"column\">\n\t\t\t<div class=\"elementor-widget-wrap elementor-element-populated\">\n\t\t\t\t\t\t<div class=\"elementor-element elementor-element-e7c35a5 elementor-widget elementor-widget-image\" data-id=\"e7c35a5\" data-element_type=\"widget\" data-e-type=\"widget\" data-widget_type=\"image.default\">\n\t\t\t\t<div class=\"elementor-widget-container\">\n\t\t\t\t\t\t\t\t\t\t\t\t\t\t\t<img loading=\"lazy\" decoding=\"async\" width=\"1024\" height=\"1024\" src=\"https:\/\/cadrestaff.com\/wp-content\/uploads\/2023\/02\/Ward-1024x1024.png\" class=\"attachment-large size-large wp-image-5147\" alt=\"\" srcset=\"https:\/\/cadrestaff.com\/wp-content\/uploads\/2023\/02\/Ward-1024x1024.png 1024w, https:\/\/cadrestaff.com\/wp-content\/uploads\/2023\/02\/Ward-300x300.png 300w, https:\/\/cadrestaff.com\/wp-content\/uploads\/2023\/02\/Ward-150x150.png 150w, https:\/\/cadrestaff.com\/wp-content\/uploads\/2023\/02\/Ward-768x768.png 768w, https:\/\/cadrestaff.com\/wp-content\/uploads\/2023\/02\/Ward-600x600.png 600w, https:\/\/cadrestaff.com\/wp-content\/uploads\/2023\/02\/Ward-100x100.png 100w, https:\/\/cadrestaff.com\/wp-content\/uploads\/2023\/02\/Ward.png 1147w\" sizes=\"(max-width: 1024px) 100vw, 1024px\" \/>\t\t\t\t\t\t\t\t\t\t\t\t\t\t\t<\/div>\n\t\t\t\t<\/div>\n\t\t\t\t\t<\/div>\n\t\t<\/div>\n\t\t\t\t<div class=\"elementor-column elementor-col-50 elementor-top-column elementor-element elementor-element-277ef51\" data-id=\"277ef51\" data-element_type=\"column\" data-e-type=\"column\">\n\t\t\t<div class=\"elementor-widget-wrap elementor-element-populated\">\n\t\t\t\t\t\t<div class=\"elementor-element elementor-element-8dff309 elementor-widget elementor-widget-heading\" data-id=\"8dff309\" data-element_type=\"widget\" data-e-type=\"widget\" data-widget_type=\"heading.default\">\n\t\t\t\t<div class=\"elementor-widget-container\">\n\t\t\t\t\t<h2 class=\"elementor-heading-title elementor-size-default\">Ward Sutherland<\/h2>\t\t\t\t<\/div>\n\t\t\t\t<\/div>\n\t\t\t\t<div class=\"elementor-element elementor-element-9bde7a6 elementor-widget elementor-widget-text-editor\" data-id=\"9bde7a6\" data-element_type=\"widget\" data-e-type=\"widget\" data-widget_type=\"text-editor.default\">\n\t\t\t\t<div class=\"elementor-widget-container\">\n\t\t\t\t\t\t\t\t\t<p>Conseiller indig\u00e8ne<\/p>\n\t\t\t\t\t\t\t\t<\/div>\n\t\t\t\t<\/div>\n\t\t\t\t<div class=\"elementor-element elementor-element-1fb7a81 elementor-widget elementor-widget-toggle\" data-id=\"1fb7a81\" data-element_type=\"widget\" data-e-type=\"widget\" data-widget_type=\"toggle.default\">\n\t\t\t\t<div class=\"elementor-widget-container\">\n\t\t\t\t\t\t\t<div class=\"elementor-toggle\">\n\t\t\t\t\t\t\t<div class=\"elementor-toggle-item\">\n\t\t\t\t\t<div id=\"elementor-tab-title-3321\" class=\"elementor-tab-title\" data-tab=\"1\" role=\"button\" aria-controls=\"elementor-tab-content-3321\" aria-expanded=\"false\">\n\t\t\t\t\t\t\t\t\t\t\t\t<span class=\"elementor-toggle-icon elementor-toggle-icon-left\" aria-hidden=\"true\">\n\t\t\t\t\t\t\t\t\t\t\t\t\t\t\t<span class=\"elementor-toggle-icon-closed\"><i class=\"fas fa-caret-down\"><\/i><\/span>\n\t\t\t\t\t\t\t\t<span class=\"elementor-toggle-icon-opened\"><i class=\"elementor-toggle-icon-opened fas fa-angle-up\"><\/i><\/span>\n\t\t\t\t\t\t\t\t\t\t\t\t\t<\/span>\n\t\t\t\t\t\t\t\t\t\t\t\t<a class=\"elementor-toggle-title\" tabindex=\"0\">\u00c0 PROPOS DE MOI<\/a>\n\t\t\t\t\t<\/div>\n\n\t\t\t\t\t<div id=\"elementor-tab-content-3321\" class=\"elementor-tab-content elementor-clearfix\" data-tab=\"1\" role=\"region\" aria-labelledby=\"elementor-tab-title-3321\"><p>Ward Sutherland a plus de 30 ans d&#8217;exp\u00e9rience dans des postes de direction et de relations gouvernementales, principalement dans les secteurs de l&#8217;h\u00f4tellerie et de la technologie. M. Sutherland a \u00e9t\u00e9 conseiller municipal de Calgary pendant deux mandats, de 2013 \u00e0 2021, o\u00f9 il a si\u00e9g\u00e9 au conseil d&#8217;administration de Calgary Economic Development, de la Calgary Police Commission, de Silvera For Seniors, du Calgary Stampede et a pr\u00e9sid\u00e9 le comit\u00e9 consultatif des entreprises de la ville.<\/p>\n<\/p>\n<p>M. Sutherland est fier d&#8217;appartenir \u00e0 la nation m\u00e9tisse de l&#8217;Alberta et, lorsqu&#8217;il \u00e9tait \u00e9lu, il a plaid\u00e9 en faveur de la reconnaissance, de l&#8217;\u00e9ducation et de l&#8217;engagement des autochtones aupr\u00e8s du Conseil, du Trait\u00e9 7 et des nations m\u00e9tisses. Le rapport White Goose Flying de Calgary a \u00e9t\u00e9 le premier document d&#8217;appel \u00e0 l&#8217;action (v\u00e9rit\u00e9 et r\u00e9conciliation sur les pensionnats indiens) \u00e0 \u00eatre adopt\u00e9 et mis en \u0153uvre par un conseil municipal au Canada. En outre, M. Sutherland a si\u00e9g\u00e9 au conseil d&#8217;administration de la Muskrat Metis Society, a re\u00e7u le Metis Recognition Award et est actuellement conseiller sp\u00e9cial principal aupr\u00e8s du pr\u00e9sident de la nation m\u00e9tisse, r\u00e9gion 3.<\/p>\n<\/p>\n<p>R\u00e9cemment, M. Sutherland a \u00e9t\u00e9 nomm\u00e9 au comit\u00e9 de transition de l&#8217;autonomie des M\u00e9tis d&#8217;Otipemisiwak. Fort de son exp\u00e9rience en mati\u00e8re de service public et communautaire, M. Sutherland a re\u00e7u la m\u00e9daille du jubil\u00e9 de diamant et la m\u00e9daille du jubil\u00e9 de platine de la Reine Elizabeth II.  <\/p>\n<\/div>\n\t\t\t\t<\/div>\n\t\t\t\t\t\t\t\t<\/div>\n\t\t\t\t\t\t<\/div>\n\t\t\t\t<\/div>\n\t\t\t\t\t<\/div>\n\t\t<\/div>\n\t\t\t\t\t<\/div>\n\t\t<\/section>\n\t\t\t\t<section class=\"elementor-section elementor-top-section elementor-element elementor-element-0e7c1aa elementor-section-height-min-height elementor-reverse-mobile elementor-section-boxed elementor-section-height-default elementor-section-items-middle\" data-id=\"0e7c1aa\" data-element_type=\"section\" data-e-type=\"section\" data-settings=\"{&quot;background_background&quot;:&quot;classic&quot;}\">\n\t\t\t\t\t\t<div class=\"elementor-container elementor-column-gap-default\">\n\t\t\t\t\t<div class=\"elementor-column elementor-col-50 elementor-top-column elementor-element elementor-element-ccaf26a\" data-id=\"ccaf26a\" data-element_type=\"column\" data-e-type=\"column\">\n\t\t\t<div class=\"elementor-widget-wrap elementor-element-populated\">\n\t\t\t\t\t\t<div class=\"elementor-element elementor-element-4dd55b1 elementor-widget elementor-widget-image\" data-id=\"4dd55b1\" data-element_type=\"widget\" data-e-type=\"widget\" data-widget_type=\"image.default\">\n\t\t\t\t<div class=\"elementor-widget-container\">\n\t\t\t\t\t\t\t\t\t\t\t\t\t\t\t<img loading=\"lazy\" decoding=\"async\" width=\"1024\" height=\"1024\" src=\"https:\/\/cadrestaff.com\/wp-content\/uploads\/2021\/09\/experts-12-1024x1024.png\" class=\"attachment-large size-large wp-image-4733\" alt=\"\" srcset=\"https:\/\/cadrestaff.com\/wp-content\/uploads\/2021\/09\/experts-12-1024x1024.png 1024w, https:\/\/cadrestaff.com\/wp-content\/uploads\/2021\/09\/experts-12-300x300.png 300w, https:\/\/cadrestaff.com\/wp-content\/uploads\/2021\/09\/experts-12-150x150.png 150w, https:\/\/cadrestaff.com\/wp-content\/uploads\/2021\/09\/experts-12-768x768.png 768w, https:\/\/cadrestaff.com\/wp-content\/uploads\/2021\/09\/experts-12-1536x1536.png 1536w, https:\/\/cadrestaff.com\/wp-content\/uploads\/2021\/09\/experts-12-2048x2048.png 2048w, https:\/\/cadrestaff.com\/wp-content\/uploads\/2021\/09\/experts-12-600x600.png 600w, https:\/\/cadrestaff.com\/wp-content\/uploads\/2021\/09\/experts-12-100x100.png 100w\" sizes=\"(max-width: 1024px) 100vw, 1024px\" \/>\t\t\t\t\t\t\t\t\t\t\t\t\t\t\t<\/div>\n\t\t\t\t<\/div>\n\t\t\t\t\t<\/div>\n\t\t<\/div>\n\t\t\t\t<div class=\"elementor-column elementor-col-50 elementor-top-column elementor-element elementor-element-8bdea21\" data-id=\"8bdea21\" data-element_type=\"column\" data-e-type=\"column\">\n\t\t\t<div class=\"elementor-widget-wrap elementor-element-populated\">\n\t\t\t\t\t\t<div class=\"elementor-element elementor-element-de9f5c3 elementor-widget elementor-widget-heading\" data-id=\"de9f5c3\" data-element_type=\"widget\" data-e-type=\"widget\" data-widget_type=\"heading.default\">\n\t\t\t\t<div class=\"elementor-widget-container\">\n\t\t\t\t\t<h2 class=\"elementor-heading-title elementor-size-default\">Patrice Longchamps<\/h2>\t\t\t\t<\/div>\n\t\t\t\t<\/div>\n\t\t\t\t<div class=\"elementor-element elementor-element-21cbcae elementor-widget elementor-widget-text-editor\" data-id=\"21cbcae\" data-element_type=\"widget\" data-e-type=\"widget\" data-widget_type=\"text-editor.default\">\n\t\t\t\t<div class=\"elementor-widget-container\">\n\t\t\t\t\t\t\t\t\t<p>Consultant senior en recrutement<\/p>\n\t\t\t\t\t\t\t\t<\/div>\n\t\t\t\t<\/div>\n\t\t\t\t<div class=\"elementor-element elementor-element-881016e elementor-widget elementor-widget-toggle\" data-id=\"881016e\" data-element_type=\"widget\" data-e-type=\"widget\" data-widget_type=\"toggle.default\">\n\t\t\t\t<div class=\"elementor-widget-container\">\n\t\t\t\t\t\t\t<div class=\"elementor-toggle\">\n\t\t\t\t\t\t\t<div class=\"elementor-toggle-item\">\n\t\t\t\t\t<div id=\"elementor-tab-title-1421\" class=\"elementor-tab-title\" data-tab=\"1\" role=\"button\" aria-controls=\"elementor-tab-content-1421\" aria-expanded=\"false\">\n\t\t\t\t\t\t\t\t\t\t\t\t<span class=\"elementor-toggle-icon elementor-toggle-icon-left\" aria-hidden=\"true\">\n\t\t\t\t\t\t\t\t\t\t\t\t\t\t\t<span class=\"elementor-toggle-icon-closed\"><i class=\"fas fa-caret-down\"><\/i><\/span>\n\t\t\t\t\t\t\t\t<span class=\"elementor-toggle-icon-opened\"><i class=\"elementor-toggle-icon-opened fas fa-angle-up\"><\/i><\/span>\n\t\t\t\t\t\t\t\t\t\t\t\t\t<\/span>\n\t\t\t\t\t\t\t\t\t\t\t\t<a class=\"elementor-toggle-title\" tabindex=\"0\">\u00c0 PROPOS DE MOI<\/a>\n\t\t\t\t\t<\/div>\n\n\t\t\t\t\t<div id=\"elementor-tab-content-1421\" class=\"elementor-tab-content elementor-clearfix\" data-tab=\"1\" role=\"region\" aria-labelledby=\"elementor-tab-title-1421\"><p>Patrice Longchamps a plus de 20 ans d&#8217;exp\u00e9rience en tant que professionnel du recrutement technique. Ayant pass\u00e9 la majeure partie de sa carri\u00e8re dans le secteur du recrutement et de la recherche de personnel, il est reconnu comme un expert en la mati\u00e8re en ce qui concerne l&#8217;identification et la qualification d&#8217;ing\u00e9nieurs, de m\u00e9tallurgistes, d&#8217;experts techniques et d&#8217;autres personnels d&#8217;exploitation dans les secteurs de la fabrication et de l&#8217;industrie lourde.<\/p>\n<p>Apr\u00e8s avoir obtenu une licence en sociologie, Patrice a commenc\u00e9 sa carri\u00e8re en tant que conseiller en mati\u00e8re d&#8217;emploi avant de travailler comme consultant en recherche de cadres et responsable du recrutement pour de grandes entreprises de recrutement telles que Manpower, The Merges Group, Hays et Design Group. Il a ainsi plac\u00e9 avec succ\u00e8s plus de 500 personnes dans des fonctions techniques et entretient \u00e0 ce jour un solide r\u00e9seau de talents qui lui permet de r\u00e9pondre efficacement aux besoins de ses clients.<\/p>\n<p>Au cours des trois derni\u00e8res ann\u00e9es, Patrice a \u00e9t\u00e9 responsable de l&#8217;ex\u00e9cution des comptes cl\u00e9s de Cadre au Qu\u00e9bec. Au cours de cette p\u00e9riode, il a plac\u00e9 avec succ\u00e8s des op\u00e9rateurs d&#8217;\u00e9quipement lourd, des professionnels de divers m\u00e9tiers, des ing\u00e9nieurs d&#8217;usine, des directeurs de production, des superviseurs \u00e9lectriques, des surintendants de production et bien d&#8217;autres encore.<\/p>\n<p>La passion de Patrice pour le d\u00e9passement des attentes de ses clients est \u00e9vidente dans les relations \u00e0 long terme qu&#8217;il a entretenues tout au long de sa carri\u00e8re. En tant qu&#8217;expert en recrutement \u00e0 cycle complet, il comprend la n\u00e9cessit\u00e9 de continuer \u00e0 d\u00e9velopper son r\u00e9seau en utilisant les technologies et les connexions \u00e0 sa disposition.<\/p>\n<\/div>\n\t\t\t\t<\/div>\n\t\t\t\t\t\t\t\t<\/div>\n\t\t\t\t\t\t<\/div>\n\t\t\t\t<\/div>\n\t\t\t\t\t<\/div>\n\t\t<\/div>\n\t\t\t\t\t<\/div>\n\t\t<\/section>\n\t\t\t\t<section class=\"elementor-section elementor-top-section elementor-element elementor-element-948fad9 elementor-section-height-min-height elementor-reverse-mobile elementor-section-boxed elementor-section-height-default elementor-section-items-middle\" data-id=\"948fad9\" data-element_type=\"section\" data-e-type=\"section\" data-settings=\"{&quot;background_background&quot;:&quot;classic&quot;}\">\n\t\t\t\t\t\t<div class=\"elementor-container elementor-column-gap-default\">\n\t\t\t\t\t<div class=\"elementor-column elementor-col-50 elementor-top-column elementor-element elementor-element-ff97c9c\" data-id=\"ff97c9c\" data-element_type=\"column\" data-e-type=\"column\">\n\t\t\t<div class=\"elementor-widget-wrap elementor-element-populated\">\n\t\t\t\t\t\t<div class=\"elementor-element elementor-element-fc3a852 elementor-widget elementor-widget-image\" data-id=\"fc3a852\" data-element_type=\"widget\" data-e-type=\"widget\" data-widget_type=\"image.default\">\n\t\t\t\t<div class=\"elementor-widget-container\">\n\t\t\t\t\t\t\t\t\t\t\t\t\t\t\t<img loading=\"lazy\" decoding=\"async\" width=\"1024\" height=\"1024\" src=\"https:\/\/cadrestaff.com\/wp-content\/uploads\/2021\/09\/Sandie-13-1024x1024.png\" class=\"attachment-large size-large wp-image-4765\" alt=\"\" srcset=\"https:\/\/cadrestaff.com\/wp-content\/uploads\/2021\/09\/Sandie-13-1024x1024.png 1024w, https:\/\/cadrestaff.com\/wp-content\/uploads\/2021\/09\/Sandie-13-300x300.png 300w, https:\/\/cadrestaff.com\/wp-content\/uploads\/2021\/09\/Sandie-13-150x150.png 150w, https:\/\/cadrestaff.com\/wp-content\/uploads\/2021\/09\/Sandie-13-768x768.png 768w, https:\/\/cadrestaff.com\/wp-content\/uploads\/2021\/09\/Sandie-13-1536x1536.png 1536w, https:\/\/cadrestaff.com\/wp-content\/uploads\/2021\/09\/Sandie-13-2048x2048.png 2048w, https:\/\/cadrestaff.com\/wp-content\/uploads\/2021\/09\/Sandie-13-600x600.png 600w, https:\/\/cadrestaff.com\/wp-content\/uploads\/2021\/09\/Sandie-13-100x100.png 100w\" sizes=\"(max-width: 1024px) 100vw, 1024px\" \/>\t\t\t\t\t\t\t\t\t\t\t\t\t\t\t<\/div>\n\t\t\t\t<\/div>\n\t\t\t\t\t<\/div>\n\t\t<\/div>\n\t\t\t\t<div class=\"elementor-column elementor-col-50 elementor-top-column elementor-element elementor-element-1687122\" data-id=\"1687122\" data-element_type=\"column\" data-e-type=\"column\">\n\t\t\t<div class=\"elementor-widget-wrap elementor-element-populated\">\n\t\t\t\t\t\t<div class=\"elementor-element elementor-element-fe761c2 elementor-widget elementor-widget-heading\" data-id=\"fe761c2\" data-element_type=\"widget\" data-e-type=\"widget\" data-widget_type=\"heading.default\">\n\t\t\t\t<div class=\"elementor-widget-container\">\n\t\t\t\t\t<h2 class=\"elementor-heading-title elementor-size-default\">Sandie Cossa<\/h2>\t\t\t\t<\/div>\n\t\t\t\t<\/div>\n\t\t\t\t<div class=\"elementor-element elementor-element-3c1b49a elementor-widget elementor-widget-text-editor\" data-id=\"3c1b49a\" data-element_type=\"widget\" data-e-type=\"widget\" data-widget_type=\"text-editor.default\">\n\t\t\t\t<div class=\"elementor-widget-container\">\n\t\t\t\t\t\t\t\t\t<p>Chef de pratique, Ouest du Canada<\/p>\n\t\t\t\t\t\t\t\t<\/div>\n\t\t\t\t<\/div>\n\t\t\t\t<div class=\"elementor-element elementor-element-e2c9634 elementor-widget elementor-widget-toggle\" data-id=\"e2c9634\" data-element_type=\"widget\" data-e-type=\"widget\" data-widget_type=\"toggle.default\">\n\t\t\t\t<div class=\"elementor-widget-container\">\n\t\t\t\t\t\t\t<div class=\"elementor-toggle\">\n\t\t\t\t\t\t\t<div class=\"elementor-toggle-item\">\n\t\t\t\t\t<div id=\"elementor-tab-title-2371\" class=\"elementor-tab-title\" data-tab=\"1\" role=\"button\" aria-controls=\"elementor-tab-content-2371\" aria-expanded=\"false\">\n\t\t\t\t\t\t\t\t\t\t\t\t<span class=\"elementor-toggle-icon elementor-toggle-icon-left\" aria-hidden=\"true\">\n\t\t\t\t\t\t\t\t\t\t\t\t\t\t\t<span class=\"elementor-toggle-icon-closed\"><i class=\"fas fa-caret-down\"><\/i><\/span>\n\t\t\t\t\t\t\t\t<span class=\"elementor-toggle-icon-opened\"><i class=\"elementor-toggle-icon-opened fas fa-angle-up\"><\/i><\/span>\n\t\t\t\t\t\t\t\t\t\t\t\t\t<\/span>\n\t\t\t\t\t\t\t\t\t\t\t\t<a class=\"elementor-toggle-title\" tabindex=\"0\">\u00c0 PROPOS DE MOI<\/a>\n\t\t\t\t\t<\/div>\n\n\t\t\t\t\t<div id=\"elementor-tab-content-2371\" class=\"elementor-tab-content elementor-clearfix\" data-tab=\"1\" role=\"region\" aria-labelledby=\"elementor-tab-title-2371\"><p>Sandie Cossa est le chef de pratique de Cadre pour l&#8217;Ouest du Canada et supervise notre pratique p\u00e9troli\u00e8re et gazi\u00e8re \u00e0 partir de notre bureau de Fort McMurray. Avant de rejoindre Cadre, elle a travaill\u00e9 en tant que recruteur pour Petro-Canada (aujourd&#8217;hui Suncor), o\u00f9 elle a jou\u00e9 un r\u00f4le essentiel dans la gestion d&#8217;activit\u00e9s de recrutement \u00e0 grande \u00e9chelle. Form\u00e9e \u00e0 l&#8217;universit\u00e9 de Waterloo et au Lambton College, elle a obtenu une licence en sciences et un dipl\u00f4me en technologie de l&#8217;hygi\u00e8ne industrielle.<\/p>\n<p>Le parcours de Sandie comprend plus de 13 ans d&#8217;exp\u00e9rience dans d&#8217;autres secteurs d&#8217;activit\u00e9 qui lui ont permis d&#8217;acqu\u00e9rir une meilleure compr\u00e9hension des organisations et des exigences des responsables hi\u00e9rarchiques et des superviseurs. Sa capacit\u00e9 \u00e0 \u00e9tablir rapidement des relations, \u00e0 \u00e9couter activement et \u00e0 comprendre les probl\u00e8mes des clients, ainsi qu&#8217;\u00e0 respecter ses engagements, ont \u00e9t\u00e9 des atouts ind\u00e9niables pour sa carri\u00e8re, ce qui lui a valu de recevoir le &#8220;Prix du contributeur exceptionnel&#8221; pour avoir acc\u00e9l\u00e9r\u00e9 le recrutement de postes prioritaires dans un \u00e9tablissement qui a atteint son effectif complet en huit ans. Sandie \u00e9tait la seule recruteuse bas\u00e9e \u00e0 Fort McMurray \u00e0 embaucher pour les postes d&#8217;exploitation et de maintenance du projet Fort Hills. Elle a particip\u00e9 \u00e0 l&#8217;\u00e9laboration de la strat\u00e9gie de recrutement, \u00e0 la s\u00e9lection des CV, \u00e0 la pr\u00e9s\u00e9lection des candidats, aux entretiens comportementaux, \u00e0 la v\u00e9rification des r\u00e9f\u00e9rences et \u00e0 la prolongation des offres. Les postes pourvus sont ceux d&#8217;ing\u00e9nieurs principaux, de chefs d&#8217;exploitation, d&#8217;ing\u00e9nieurs \u00e9lectriciens, d&#8217;ouvriers qualifi\u00e9s, d&#8217;op\u00e9rateurs d&#8217;\u00e9quipement lourd et de personnel administratif. Sandie reste un membre cl\u00e9 de l&#8217;\u00e9quipe Cadre et s&#8217;est r\u00e9cemment consacr\u00e9e \u00e0 la gestion de l&#8217;externalisation des processus de recrutement pour le compte d&#8217;Imperial Oil.<\/p>\n<\/div>\n\t\t\t\t<\/div>\n\t\t\t\t\t\t\t\t<\/div>\n\t\t\t\t\t\t<\/div>\n\t\t\t\t<\/div>\n\t\t\t\t\t<\/div>\n\t\t<\/div>\n\t\t\t\t\t<\/div>\n\t\t<\/section>\n\t\t\t\t<\/div>\n\t\t","protected":false},"excerpt":{"rendered":"<p>Nos experts Graham Wilson Associ\u00e9 g\u00e9rant \u00c0 PROPOS DE MOI Graham Wilson est l&#8217;un des partenaires fondateurs de Cadre et travaille dans notre bureau de Toronto. La carri\u00e8re de Graham s&#8217;est concentr\u00e9e sur le recrutement de professionnels techniques pour des postes contractuels et permanents dans les secteurs nucl\u00e9aire, pharmaceutique, des biens de consommation emball\u00e9s, de [&hellip;]<\/p>\n","protected":false},"author":7,"featured_media":5302,"parent":0,"menu_order":0,"comment_status":"closed","ping_status":"closed","template":"elementor_header_footer","meta":{"om_disable_all_campaigns":false,"_monsterinsights_skip_tracking":false,"_monsterinsights_sitenote_active":false,"_monsterinsights_sitenote_note":"","_monsterinsights_sitenote_category":0,"site-sidebar-layout":"no-sidebar","site-content-layout":"page-builder","ast-site-content-layout":"default","site-content-style":"default","site-sidebar-style":"default","ast-global-header-display":"","ast-banner-title-visibility":"","ast-main-header-display":"","ast-hfb-above-header-display":"","ast-hfb-below-header-display":"","ast-hfb-mobile-header-display":"","site-post-title":"disabled","ast-breadcrumbs-content":"","ast-featured-img":"disabled","footer-sml-layout":"","ast-disable-related-posts":"","theme-transparent-header-meta":"default","adv-header-id-meta":"","stick-header-meta":"default","header-above-stick-meta":"","header-main-stick-meta":"","header-below-stick-meta":"","astra-migrate-meta-layouts":"default","ast-page-background-enabled":"default","ast-page-background-meta":{"desktop":{"background-color":"","background-image":"","background-repeat":"repeat","background-position":"center center","background-size":"auto","background-attachment":"scroll","background-type":"","background-media":"","overlay-type":"","overlay-color":"","overlay-opacity":"","overlay-gradient":""},"tablet":{"background-color":"","background-image":"","background-repeat":"repeat","background-position":"center center","background-size":"auto","background-attachment":"scroll","background-type":"","background-media":"","overlay-type":"","overlay-color":"","overlay-opacity":"","overlay-gradient":""},"mobile":{"background-color":"","background-image":"","background-repeat":"repeat","background-position":"center center","background-size":"auto","background-attachment":"scroll","background-type":"","background-media":"","overlay-type":"","overlay-color":"","overlay-opacity":"","overlay-gradient":""}},"ast-content-background-meta":{"desktop":{"background-color":"var(--ast-global-color-5)","background-image":"","background-repeat":"repeat","background-position":"center center","background-size":"auto","background-attachment":"scroll","background-type":"","background-media":"","overlay-type":"","overlay-color":"","overlay-opacity":"","overlay-gradient":""},"tablet":{"background-color":"var(--ast-global-color-5)","background-image":"","background-repeat":"repeat","background-position":"center center","background-size":"auto","background-attachment":"scroll","background-type":"","background-media":"","overlay-type":"","overlay-color":"","overlay-opacity":"","overlay-gradient":""},"mobile":{"background-color":"var(--ast-global-color-5)","background-image":"","background-repeat":"repeat","background-position":"center center","background-size":"auto","background-attachment":"scroll","background-type":"","background-media":"","overlay-type":"","overlay-color":"","overlay-opacity":"","overlay-gradient":""}},"footnotes":""},"class_list":["post-5409","page","type-page","status-publish","has-post-thumbnail","hentry"],"aioseo_notices":[],"aioseo_head":"\n\t\t<!-- All in One SEO Pro 4.9.6.2 - aioseo.com -->\n\t<meta name=\"description\" content=\"Nos experts Graham Wilson Associ\u00e9 g\u00e9rant \u00c0 PROPOS DE MOI Graham Wilson est l\u2019un des partenaires fondateurs de Cadre et travaille dans notre bureau de Toronto. La carri\u00e8re de Graham s\u2019est concentr\u00e9e sur le recrutement de professionnels techniques pour des postes contractuels et permanents dans les secteurs nucl\u00e9aire, pharmaceutique, des biens de consommation emball\u00e9s, de\" \/>\n\t<meta name=\"robots\" content=\"max-image-preview:large\" \/>\n\t<link rel=\"canonical\" href=\"https:\/\/cadrestaff.com\/fr\/nos-experts\/\" \/>\n\t<meta name=\"generator\" content=\"All in One SEO Pro (AIOSEO) 4.9.6.2\" \/>\n\t\t<meta property=\"og:locale\" content=\"fr_FR\" \/>\n\t\t<meta property=\"og:site_name\" content=\"Cadre Staffing -\" \/>\n\t\t<meta property=\"og:type\" content=\"article\" \/>\n\t\t<meta property=\"og:title\" content=\"Nos experts - Cadre Staffing\" \/>\n\t\t<meta property=\"og:description\" content=\"Nos experts Graham Wilson Associ\u00e9 g\u00e9rant \u00c0 PROPOS DE MOI Graham Wilson est l\u2019un des partenaires fondateurs de Cadre et travaille dans notre bureau de Toronto. La carri\u00e8re de Graham s\u2019est concentr\u00e9e sur le recrutement de professionnels techniques pour des postes contractuels et permanents dans les secteurs nucl\u00e9aire, pharmaceutique, des biens de consommation emball\u00e9s, de\" \/>\n\t\t<meta property=\"og:url\" content=\"https:\/\/cadrestaff.com\/fr\/nos-experts\/\" \/>\n\t\t<meta property=\"og:image\" content=\"https:\/\/cadrestaff.com\/wp-content\/uploads\/2020\/02\/CADRELOGOS-01.png\" \/>\n\t\t<meta property=\"og:image:secure_url\" content=\"https:\/\/cadrestaff.com\/wp-content\/uploads\/2020\/02\/CADRELOGOS-01.png\" \/>\n\t\t<meta property=\"og:image:width\" content=\"451\" \/>\n\t\t<meta property=\"og:image:height\" content=\"153\" \/>\n\t\t<meta property=\"article:published_time\" content=\"2021-09-20T17:17:29+00:00\" \/>\n\t\t<meta property=\"article:modified_time\" content=\"2024-02-09T16:37:49+00:00\" \/>\n\t\t<meta name=\"twitter:card\" content=\"summary_large_image\" \/>\n\t\t<meta name=\"twitter:title\" content=\"Nos experts - Cadre Staffing\" \/>\n\t\t<meta name=\"twitter:description\" content=\"Nos experts Graham Wilson Associ\u00e9 g\u00e9rant \u00c0 PROPOS DE MOI Graham Wilson est l\u2019un des partenaires fondateurs de Cadre et travaille dans notre bureau de Toronto. La carri\u00e8re de Graham s\u2019est concentr\u00e9e sur le recrutement de professionnels techniques pour des postes contractuels et permanents dans les secteurs nucl\u00e9aire, pharmaceutique, des biens de consommation emball\u00e9s, de\" \/>\n\t\t<meta name=\"twitter:image\" content=\"https:\/\/cadrestaff.com\/wp-content\/uploads\/2020\/02\/CADRELOGOS-01.png\" \/>\n\t\t<script type=\"application\/ld+json\" class=\"aioseo-schema\">\n\t\t\t{\"@context\":\"https:\\\/\\\/schema.org\",\"@graph\":[{\"@type\":\"BreadcrumbList\",\"@id\":\"https:\\\/\\\/cadrestaff.com\\\/fr\\\/nos-experts\\\/#breadcrumblist\",\"itemListElement\":[{\"@type\":\"ListItem\",\"@id\":\"https:\\\/\\\/cadrestaff.com\\\/fr\\\/#listItem\",\"position\":1,\"name\":\"Home\",\"item\":\"https:\\\/\\\/cadrestaff.com\\\/fr\\\/\",\"nextItem\":{\"@type\":\"ListItem\",\"@id\":\"https:\\\/\\\/cadrestaff.com\\\/fr\\\/nos-experts\\\/#listItem\",\"name\":\"Nos experts\"}},{\"@type\":\"ListItem\",\"@id\":\"https:\\\/\\\/cadrestaff.com\\\/fr\\\/nos-experts\\\/#listItem\",\"position\":2,\"name\":\"Nos experts\",\"previousItem\":{\"@type\":\"ListItem\",\"@id\":\"https:\\\/\\\/cadrestaff.com\\\/fr\\\/#listItem\",\"name\":\"Home\"}}]},{\"@type\":\"Organization\",\"@id\":\"https:\\\/\\\/cadrestaff.com\\\/fr\\\/#organization\",\"name\":\"Cadre Staffing\",\"url\":\"https:\\\/\\\/cadrestaff.com\\\/fr\\\/\",\"telephone\":\"+18663322373\",\"logo\":{\"@type\":\"ImageObject\",\"url\":\"https:\\\/\\\/cadrestaff.com\\\/wp-content\\\/uploads\\\/2020\\\/02\\\/CADRELOGOS-01.png\",\"@id\":\"https:\\\/\\\/cadrestaff.com\\\/fr\\\/nos-experts\\\/#organizationLogo\",\"width\":451,\"height\":153},\"image\":{\"@id\":\"https:\\\/\\\/cadrestaff.com\\\/fr\\\/nos-experts\\\/#organizationLogo\"},\"sameAs\":[\"https:\\\/\\\/www.linkedin.com\\\/company\\\/cadre-staffing-inc--o-a-cadre-\\\/?trk=prof-following-company-logo\"],\"address\":{\"@id\":\"https:\\\/\\\/cadrestaff.com\\\/fr\\\/#postaladdress\",\"@type\":\"PostalAddress\",\"streetAddress\":\"16 Four Seasons Place, Suite 112,\",\"postalCode\":\"M9B 6E5\",\"addressLocality\":\"Toronto\",\"addressRegion\":\"Ontario\",\"addressCountry\":\"CA\"}},{\"@type\":\"WebPage\",\"@id\":\"https:\\\/\\\/cadrestaff.com\\\/fr\\\/nos-experts\\\/#webpage\",\"url\":\"https:\\\/\\\/cadrestaff.com\\\/fr\\\/nos-experts\\\/\",\"name\":\"Nos experts - Cadre Staffing\",\"description\":\"Nos experts Graham Wilson Associ\\u00e9 g\\u00e9rant \\u00c0 PROPOS DE MOI Graham Wilson est l\\u2019un des partenaires fondateurs de Cadre et travaille dans notre bureau de Toronto. La carri\\u00e8re de Graham s\\u2019est concentr\\u00e9e sur le recrutement de professionnels techniques pour des postes contractuels et permanents dans les secteurs nucl\\u00e9aire, pharmaceutique, des biens de consommation emball\\u00e9s, de\",\"inLanguage\":\"fr-FR\",\"isPartOf\":{\"@id\":\"https:\\\/\\\/cadrestaff.com\\\/fr\\\/#website\"},\"breadcrumb\":{\"@id\":\"https:\\\/\\\/cadrestaff.com\\\/fr\\\/nos-experts\\\/#breadcrumblist\"},\"image\":{\"@type\":\"ImageObject\",\"url\":\"https:\\\/\\\/cadrestaff.com\\\/wp-content\\\/uploads\\\/2022\\\/03\\\/Mass-Transportation-Recruitment.png\",\"@id\":\"https:\\\/\\\/cadrestaff.com\\\/fr\\\/nos-experts\\\/#mainImage\",\"width\":1800,\"height\":940},\"primaryImageOfPage\":{\"@id\":\"https:\\\/\\\/cadrestaff.com\\\/fr\\\/nos-experts\\\/#mainImage\"},\"datePublished\":\"2021-09-20T17:17:29+00:00\",\"dateModified\":\"2024-02-09T16:37:49+00:00\"},{\"@type\":\"WebSite\",\"@id\":\"https:\\\/\\\/cadrestaff.com\\\/fr\\\/#website\",\"url\":\"https:\\\/\\\/cadrestaff.com\\\/fr\\\/\",\"name\":\"Cadre Staffing\",\"inLanguage\":\"fr-FR\",\"publisher\":{\"@id\":\"https:\\\/\\\/cadrestaff.com\\\/fr\\\/#organization\"}}]}\n\t\t<\/script>\n\t\t<!-- All in One SEO Pro -->\r\n\t\t<title>Nos experts - Cadre Staffing<\/title>\n\n","aioseo_head_json":{"title":"Nos experts - Cadre Staffing","description":"Nos experts Graham Wilson Associ\u00e9 g\u00e9rant \u00c0 PROPOS DE MOI Graham Wilson est l\u2019un des partenaires fondateurs de Cadre et travaille dans notre bureau de Toronto. La carri\u00e8re de Graham s\u2019est concentr\u00e9e sur le recrutement de professionnels techniques pour des postes contractuels et permanents dans les secteurs nucl\u00e9aire, pharmaceutique, des biens de consommation emball\u00e9s, de","canonical_url":"https:\/\/cadrestaff.com\/fr\/nos-experts\/","robots":"max-image-preview:large","keywords":"","webmasterTools":{"miscellaneous":""},"schema":{"@context":"https:\/\/schema.org","@graph":[{"@type":"BreadcrumbList","@id":"https:\/\/cadrestaff.com\/fr\/nos-experts\/#breadcrumblist","itemListElement":[{"@type":"ListItem","@id":"https:\/\/cadrestaff.com\/fr\/#listItem","position":1,"name":"Home","item":"https:\/\/cadrestaff.com\/fr\/","nextItem":{"@type":"ListItem","@id":"https:\/\/cadrestaff.com\/fr\/nos-experts\/#listItem","name":"Nos experts"}},{"@type":"ListItem","@id":"https:\/\/cadrestaff.com\/fr\/nos-experts\/#listItem","position":2,"name":"Nos experts","previousItem":{"@type":"ListItem","@id":"https:\/\/cadrestaff.com\/fr\/#listItem","name":"Home"}}]},{"@type":"Organization","@id":"https:\/\/cadrestaff.com\/fr\/#organization","name":"Cadre Staffing","url":"https:\/\/cadrestaff.com\/fr\/","telephone":"+18663322373","logo":{"@type":"ImageObject","url":"https:\/\/cadrestaff.com\/wp-content\/uploads\/2020\/02\/CADRELOGOS-01.png","@id":"https:\/\/cadrestaff.com\/fr\/nos-experts\/#organizationLogo","width":451,"height":153},"image":{"@id":"https:\/\/cadrestaff.com\/fr\/nos-experts\/#organizationLogo"},"sameAs":["https:\/\/www.linkedin.com\/company\/cadre-staffing-inc--o-a-cadre-\/?trk=prof-following-company-logo"],"address":{"@id":"https:\/\/cadrestaff.com\/fr\/#postaladdress","@type":"PostalAddress","streetAddress":"16 Four Seasons Place, Suite 112,","postalCode":"M9B 6E5","addressLocality":"Toronto","addressRegion":"Ontario","addressCountry":"CA"}},{"@type":"WebPage","@id":"https:\/\/cadrestaff.com\/fr\/nos-experts\/#webpage","url":"https:\/\/cadrestaff.com\/fr\/nos-experts\/","name":"Nos experts - Cadre Staffing","description":"Nos experts Graham Wilson Associ\u00e9 g\u00e9rant \u00c0 PROPOS DE MOI Graham Wilson est l\u2019un des partenaires fondateurs de Cadre et travaille dans notre bureau de Toronto. La carri\u00e8re de Graham s\u2019est concentr\u00e9e sur le recrutement de professionnels techniques pour des postes contractuels et permanents dans les secteurs nucl\u00e9aire, pharmaceutique, des biens de consommation emball\u00e9s, de","inLanguage":"fr-FR","isPartOf":{"@id":"https:\/\/cadrestaff.com\/fr\/#website"},"breadcrumb":{"@id":"https:\/\/cadrestaff.com\/fr\/nos-experts\/#breadcrumblist"},"image":{"@type":"ImageObject","url":"https:\/\/cadrestaff.com\/wp-content\/uploads\/2022\/03\/Mass-Transportation-Recruitment.png","@id":"https:\/\/cadrestaff.com\/fr\/nos-experts\/#mainImage","width":1800,"height":940},"primaryImageOfPage":{"@id":"https:\/\/cadrestaff.com\/fr\/nos-experts\/#mainImage"},"datePublished":"2021-09-20T17:17:29+00:00","dateModified":"2024-02-09T16:37:49+00:00"},{"@type":"WebSite","@id":"https:\/\/cadrestaff.com\/fr\/#website","url":"https:\/\/cadrestaff.com\/fr\/","name":"Cadre Staffing","inLanguage":"fr-FR","publisher":{"@id":"https:\/\/cadrestaff.com\/fr\/#organization"}}]},"og:locale":"fr_FR","og:site_name":"Cadre Staffing -","og:type":"article","og:title":"Nos experts - Cadre Staffing","og:description":"Nos experts Graham Wilson Associ\u00e9 g\u00e9rant \u00c0 PROPOS DE MOI Graham Wilson est l\u2019un des partenaires fondateurs de Cadre et travaille dans notre bureau de Toronto. La carri\u00e8re de Graham s\u2019est concentr\u00e9e sur le recrutement de professionnels techniques pour des postes contractuels et permanents dans les secteurs nucl\u00e9aire, pharmaceutique, des biens de consommation emball\u00e9s, de","og:url":"https:\/\/cadrestaff.com\/fr\/nos-experts\/","og:image":"https:\/\/cadrestaff.com\/wp-content\/uploads\/2020\/02\/CADRELOGOS-01.png","og:image:secure_url":"https:\/\/cadrestaff.com\/wp-content\/uploads\/2020\/02\/CADRELOGOS-01.png","og:image:width":451,"og:image:height":153,"article:published_time":"2021-09-20T17:17:29+00:00","article:modified_time":"2024-02-09T16:37:49+00:00","twitter:card":"summary_large_image","twitter:title":"Nos experts - Cadre Staffing","twitter:description":"Nos experts Graham Wilson Associ\u00e9 g\u00e9rant \u00c0 PROPOS DE MOI Graham Wilson est l\u2019un des partenaires fondateurs de Cadre et travaille dans notre bureau de Toronto. La carri\u00e8re de Graham s\u2019est concentr\u00e9e sur le recrutement de professionnels techniques pour des postes contractuels et permanents dans les secteurs nucl\u00e9aire, pharmaceutique, des biens de consommation emball\u00e9s, de","twitter:image":"https:\/\/cadrestaff.com\/wp-content\/uploads\/2020\/02\/CADRELOGOS-01.png"},"aioseo_meta_data":{"post_id":"5409","title":null,"description":null,"keywords":null,"keyphrases":null,"primary_term":null,"canonical_url":null,"og_title":null,"og_description":null,"og_object_type":"default","og_image_type":"default","og_image_url":null,"og_image_width":null,"og_image_height":null,"og_image_custom_url":null,"og_image_custom_fields":null,"og_video":null,"og_custom_url":null,"og_article_section":null,"og_article_tags":null,"twitter_use_og":false,"twitter_card":"default","twitter_image_type":"default","twitter_image_url":null,"twitter_image_custom_url":null,"twitter_image_custom_fields":null,"twitter_title":null,"twitter_description":null,"schema":{"blockGraphs":[],"customGraphs":[],"default":{"data":{"Article":[],"Course":[],"Dataset":[],"FAQPage":[],"Movie":[],"Person":[],"Product":[],"ProductReview":[],"Car":[],"Recipe":[],"Service":[],"SoftwareApplication":[],"WebPage":[]},"graphName":"","isEnabled":true},"graphs":[]},"schema_type":"default","schema_type_options":null,"pillar_content":false,"robots_default":true,"robots_noindex":false,"robots_noarchive":false,"robots_nosnippet":false,"robots_nofollow":false,"robots_noimageindex":false,"robots_noodp":false,"robots_notranslate":false,"robots_max_snippet":null,"robots_max_videopreview":null,"robots_max_imagepreview":"large","priority":null,"frequency":null,"local_seo":null,"seo_analyzer_scan_date":"2025-08-14 22:26:56","breadcrumb_settings":null,"limit_modified_date":false,"open_ai":null,"ai":null,"created":"2023-06-08 21:09:22","updated":"2025-10-22 04:25:25"},"aioseo_breadcrumb":"<div class=\"aioseo-breadcrumbs\"><span class=\"aioseo-breadcrumb\">\n\t<a href=\"https:\/\/cadrestaff.com\/fr\/\" title=\"Home\">Home<\/a>\n<\/span><span class=\"aioseo-breadcrumb-separator\">&raquo;<\/span><span class=\"aioseo-breadcrumb\">\n\tNos experts\n<\/span><\/div>","aioseo_breadcrumb_json":[{"label":"Home","link":"https:\/\/cadrestaff.com\/fr\/"},{"label":"Nos experts","link":"https:\/\/cadrestaff.com\/fr\/nos-experts\/"}],"_links":{"self":[{"href":"https:\/\/cadrestaff.com\/fr\/wp-json\/wp\/v2\/pages\/5409","targetHints":{"allow":["GET"]}}],"collection":[{"href":"https:\/\/cadrestaff.com\/fr\/wp-json\/wp\/v2\/pages"}],"about":[{"href":"https:\/\/cadrestaff.com\/fr\/wp-json\/wp\/v2\/types\/page"}],"author":[{"embeddable":true,"href":"https:\/\/cadrestaff.com\/fr\/wp-json\/wp\/v2\/users\/7"}],"replies":[{"embeddable":true,"href":"https:\/\/cadrestaff.com\/fr\/wp-json\/wp\/v2\/comments?post=5409"}],"version-history":[{"count":0,"href":"https:\/\/cadrestaff.com\/fr\/wp-json\/wp\/v2\/pages\/5409\/revisions"}],"wp:featuredmedia":[{"embeddable":true,"href":"https:\/\/cadrestaff.com\/fr\/wp-json\/wp\/v2\/media\/5302"}],"wp:attachment":[{"href":"https:\/\/cadrestaff.com\/fr\/wp-json\/wp\/v2\/media?parent=5409"}],"curies":[{"name":"wp","href":"https:\/\/api.w.org\/{rel}","templated":true}]}}